{"id":23813423,"date":"2023-12-27T09:21:17","date_gmt":"2023-12-27T08:21:17","guid":{"rendered":"https:\/\/projet-tele-evolene.ch\/they-support-the-project\/"},"modified":"2024-06-05T14:29:14","modified_gmt":"2024-06-05T12:29:14","slug":"they-support-the-project","status":"publish","type":"page","link":"https:\/\/projet-tele-evolene.ch\/en\/they-support-the-project\/","title":{"rendered":"They support the project"},"content":{"rendered":"<p>[et_pb_section fb_built=&#8221;1&#8243; _builder_version=&#8221;4.23.1&#8243; _module_preset=&#8221;default&#8221; global_colors_info=&#8221;{}&#8221;][et_pb_row _builder_version=&#8221;4.23.1&#8243; _module_preset=&#8221;default&#8221; global_colors_info=&#8221;{}&#8221;][et_pb_column type=&#8221;4_4&#8243; _builder_version=&#8221;4.23.1&#8243; _module_preset=&#8221;default&#8221; global_colors_info=&#8221;{}&#8221;][et_pb_text _builder_version=&#8221;4.23.1&#8243; _dynamic_attributes=&#8221;link_option_url&#8221; _module_preset=&#8221;default&#8221; link_option_url=&#8221;@ET-DC@eyJkeW5hbWljIjp0cnVlLCJjb250ZW50IjoicG9zdF9saW5rX3VybF9wYWdlIiwic2V0dGluZ3MiOnsicG9zdF9pZCI6IjI5MjI4In19@&#8221; global_colors_info=&#8221;{}&#8221;]<\/p>\n<h1>They support the project&#8230;<\/h1>\n<h1 style=\"text-align: right;\">&#8230;and explain why!<\/h1>\n<p>[\/et_pb_text][\/et_pb_column][\/et_pb_row][et_pb_row column_structure=&#8221;1_3,1_3,1_3&#8243; _builder_version=&#8221;4.24.2&#8243; _module_preset=&#8221;default&#8221; hover_enabled=&#8221;0&#8243; global_colors_info=&#8221;{}&#8221; sticky_enabled=&#8221;0&#8243;][et_pb_column type=&#8221;1_3&#8243; _builder_version=&#8221;4.23.1&#8243; _module_preset=&#8221;default&#8221; global_colors_info=&#8221;{}&#8221;][et_pb_team_member name=&#8221;Chantal Bournissen&#8221; position=&#8221;Ancienne championne de ski alpin, globe de cristal de descente en 1991, 14 podiums et 7 victoires en coupe du monde.&#8221; image_url=&#8221;https:\/\/projet-tele-evolene.ch\/wp-content\/uploads\/2024\/02\/chantal-bournissen.jpg&#8221; _builder_version=&#8221;4.23.1&#8243; _module_preset=&#8221;default&#8221; custom_margin=&#8221;||0px||false|false&#8221; global_colors_info=&#8221;{}&#8221;]<\/p>\n<p><strong><\/strong><\/p>\n<p>&#8220;Ce projet est une opportunit\u00e9 de d\u00e9velopper une approche 4 saisons dans un domaine d\u00e9j\u00e0 d\u00e9volu au tourisme.<\/p>\n<p>[\/et_pb_team_member][et_pb_toggle title=&#8221;Voir&#8221; open_toggle_background_color=&#8221;RGBA(255,255,255,0)&#8221; closed_toggle_background_color=&#8221;RGBA(255,255,255,0)&#8221; icon_color=&#8221;gcid-1ae503c5-09e6-47be-8567-a965910b1107&#8243; toggle_icon=&#8221;&#x4c;||divi||400&#8243; open_icon_color=&#8221;gcid-1ae503c5-09e6-47be-8567-a965910b1107&#8243; open_toggle_icon=&#8221;&#x4b;||divi||400&#8243; _builder_version=&#8221;4.23.1&#8243; _module_preset=&#8221;default&#8221; title_text_color=&#8221;gcid-1ae503c5-09e6-47be-8567-a965910b1107&#8243; title_text_align=&#8221;right&#8221; custom_padding=&#8221;15px|0px||0px|false|false&#8221; custom_padding_tablet=&#8221;15px|0px||0px|false|false&#8221; custom_padding_phone=&#8221;15px|0px||0px|false|false&#8221; custom_padding_last_edited=&#8221;on|desktop&#8221; custom_css_main_element=&#8221;display:flex;||flex-direction:column;||align-items:flex-end;&#8221; custom_css_toggle_title=&#8221;order:2;||padding-right:25px !important;&#8221; custom_css_toggle_content=&#8221;order:1;||padding:0;&#8221; border_width_all=&#8221;0px&#8221; global_colors_info=&#8221;{%22gcid-1ae503c5-09e6-47be-8567-a965910b1107%22:%91%22icon_color%22,%22title_text_color%22,%22open_icon_color%22%93}&#8221;]<\/p>\n<p><span>C\u2019est une belle offre qui permet aussi aux personnes \u00e0 mobilit\u00e9 r\u00e9duite d\u2019avoir acc\u00e8s \u00e0 la montagne. Et finalement c\u2019est un projet qui est compl\u00e9mentaire aux autres offres de l\u2019Espace Dent Blanche.&#8221;<\/span><\/p>\n<p>[\/et_pb_toggle][\/et_pb_column][et_pb_column _builder_version=&#8221;4.24.2&#8243; _module_preset=&#8221;default&#8221; type=&#8221;1_3&#8243;][et_pb_team_member name=&#8221;Virginie Gaspoz&#8221; position=&#8221;Pr\u00e9sidente de la commune d&#039;Evol\u00e8ne&#8221; image_url=&#8221;https:\/\/projet-tele-evolene.ch\/wp-content\/uploads\/2023\/12\/Virginie-Gaspoz.jpg&#8221; _builder_version=&#8221;4.23.1&#8243; _module_preset=&#8221;default&#8221; custom_margin=&#8221;||0px||false|false&#8221; global_colors_info=&#8221;{}&#8221;]<\/p>\n<p>&nbsp;<\/p>\n<p>&#8220;Evol\u00e8ne a la chance d\u2019\u00eatre une destination qui offre une nature exceptionnelle et des activit\u00e9s revigorantes au milieu de magnifiques paysages entretenus avec soin.<\/p>\n<p>[\/et_pb_team_member][et_pb_toggle title=&#8221;Voir&#8221; open_toggle_background_color=&#8221;RGBA(255,255,255,0)&#8221; closed_toggle_background_color=&#8221;RGBA(255,255,255,0)&#8221; icon_color=&#8221;gcid-1ae503c5-09e6-47be-8567-a965910b1107&#8243; toggle_icon=&#8221;&#x4c;||divi||400&#8243; open_icon_color=&#8221;gcid-1ae503c5-09e6-47be-8567-a965910b1107&#8243; open_toggle_icon=&#8221;&#x4b;||divi||400&#8243; _builder_version=&#8221;4.23.1&#8243; _module_preset=&#8221;default&#8221; title_text_color=&#8221;gcid-1ae503c5-09e6-47be-8567-a965910b1107&#8243; title_text_align=&#8221;right&#8221; custom_padding=&#8221;15px|0px||0px|false|false&#8221; custom_padding_tablet=&#8221;15px|0px||0px|false|false&#8221; custom_padding_phone=&#8221;15px|0px||0px|false|false&#8221; custom_padding_last_edited=&#8221;on|desktop&#8221; custom_css_main_element=&#8221;display:flex;||flex-direction:column;||align-items:flex-end;&#8221; custom_css_toggle_title=&#8221;order:2;||padding-right:25px !important;&#8221; custom_css_toggle_content=&#8221;order:1;||padding:0;&#8221; border_width_all=&#8221;0px&#8221; global_colors_info=&#8221;{%22gcid-1ae503c5-09e6-47be-8567-a965910b1107%22:%91%22icon_color%22,%22title_text_color%22,%22open_icon_color%22%93}&#8221;]<\/p>\n<p>Une destination avec des prestataires qui aiment la r\u00e9gion et partagent cet attachement aux visiteurs. Une destination avec des soci\u00e9t\u00e9s dynamiques qui portent des manifestations et font vivre nos traditions. Mais cette destination ne peut se reposer uniquement sur sa population, son patrimoine ou son environnement : elle a besoin aussi d\u2019une \u00e9conomie vivante et d\u2019activit\u00e9s \u00e0 valeur ajout\u00e9e telles que le sont les remont\u00e9es m\u00e9caniques.<\/p>\n<p>Maintenir et am\u00e9liorer l\u2019existant, telle est notre ambition pour Evol\u00e8ne, ses villages et ses infrastructures. Une ambition qui respecte le patrimoine et la nature. Une ambition qui s\u2019affranchit des regrets et de la nostalgie. Une ambition durable, au service de la population. Mais une ambition qui doit \u00eatre partag\u00e9e par toutes et tous pour passer du r\u00eave \u00e0 la r\u00e9alit\u00e9. <\/p>\n<p>Cette ambition s\u2019applique particuli\u00e8rement bien pour le domaine de Chemeuille. La nature cohabite depuis longtemps avec cette fr\u00e9quentation humaine douce et durable de ce versant surplomb\u00e9 par le Pic d\u2019Arzinol, v\u00e9ritable carrefour du Val d\u2019H\u00e9rens, l\u00e0 o\u00f9 Evol\u00e8ne, St-Martin et H\u00e9r\u00e9mence se rejoignent. Y maintenir une liaison par c\u00e2ble et un commerce accueillant est une n\u00e9cessit\u00e9.<\/p>\n<p>Mais une n\u00e9cessit\u00e9 qui d\u00e9pend, aujourd\u2019hui, d\u2019un effort collectif \u00e0 investir dans une infrastructure d\u2019avenir. La Commune d\u2019Evol\u00e8ne participera \u00e0 cet effort \u00e0 hauteur d\u2019un tiers (sous r\u00e9serve de la validation populaire). Le reste doit venir de Vous, afin que cette soci\u00e9t\u00e9 vive et soit entre les mains de celles et ceux qui veulent la voir rester et se d\u00e9velopper.<\/p>\n<p>L\u2019obtention des autorisations, la professionnalisation de la gestion et le rapprochement au sein de l\u2019Espace Dent-Blanche sont \u00e9videmment d\u2019autres enjeux essentiels pour T\u00e9l\u00e9-Evol\u00e8ne et qui ne sont pas laiss\u00e9s de c\u00f4t\u00e9. Cette recapitalisation est toutefois une \u00e9tape indispensable avant d\u2019acc\u00e9l\u00e9rer les autres discussions. <\/p>\n<p>Alors, chers Amoureux d\u2019Evol\u00e8ne, du Val d\u2019H\u00e9rens ou tout simplement de la Montagne, soyez \u00e0 votre tour des acteurs de ce Projet en devenant d\u00e8s aujourd\u2019hui les actionnaires de demain.&#8221;<\/p>\n<p>[\/et_pb_toggle][\/et_pb_column][et_pb_column type=&#8221;1_3&#8243; _builder_version=&#8221;4.23.1&#8243; _module_preset=&#8221;default&#8221; global_colors_info=&#8221;{}&#8221;][et_pb_team_member name=&#8221;Julien Vuignier&#8221; position=&#8221;Entra\u00eeneur de l&#039;\u00e9quipe de Suisse de slalom&#8221; image_url=&#8221;https:\/\/projet-tele-evolene.ch\/wp-content\/uploads\/2023\/12\/Julien-Vuignier.jpeg&#8221; _builder_version=&#8221;4.23.1&#8243; _module_preset=&#8221;default&#8221; global_colors_info=&#8221;{}&#8221;]<\/p>\n<p>&nbsp;<\/p>\n<p>&#8220;La r\u00e9alisation de ce projet permettra d&#8217;offrir \u00e0 la rel\u00e8ve un transport \u00e0 c\u00e2ble permettant de b\u00e9n\u00e9ficier sur les quatre saisons d\u2019une multitude d\u2019activit\u00e9s sportives et r\u00e9cr\u00e9atives dans notre r\u00e9gion !&#8221;<\/p>\n<p>[\/et_pb_team_member][\/et_pb_column][\/et_pb_row][et_pb_row column_structure=&#8221;1_3,1_3,1_3&#8243; _builder_version=&#8221;4.23.1&#8243; _module_preset=&#8221;default&#8221; global_colors_info=&#8221;{}&#8221;][et_pb_column type=&#8221;1_3&#8243; _builder_version=&#8221;4.23.1&#8243; _module_preset=&#8221;default&#8221; global_colors_info=&#8221;{}&#8221;][et_pb_team_member name=&#8221;Andr\u00e9 Georges&#8221; position=&#8221;Guide de haute montagne&#8221; image_url=&#8221;https:\/\/projet-tele-evolene.ch\/wp-content\/uploads\/2024\/03\/Andre-Georges-1.jpg&#8221; _builder_version=&#8221;4.23.1&#8243; _module_preset=&#8221;default&#8221; custom_margin=&#8221;||0px||false|false&#8221; global_colors_info=&#8221;{}&#8221;]<\/p>\n<p><strong><\/strong><\/p>\n<p>&#8220;T\u00e9l\u00e9-Evol\u00e8ne fait vivre la r\u00e9gion, sans cela nous devrons hiberner.<\/p>\n<p>[\/et_pb_team_member][et_pb_toggle title=&#8221;Voir&#8221; open_toggle_background_color=&#8221;RGBA(255,255,255,0)&#8221; closed_toggle_background_color=&#8221;RGBA(255,255,255,0)&#8221; icon_color=&#8221;gcid-1ae503c5-09e6-47be-8567-a965910b1107&#8243; toggle_icon=&#8221;&#x4c;||divi||400&#8243; open_icon_color=&#8221;gcid-1ae503c5-09e6-47be-8567-a965910b1107&#8243; open_toggle_icon=&#8221;&#x4b;||divi||400&#8243; _builder_version=&#8221;4.23.1&#8243; _module_preset=&#8221;default&#8221; title_text_color=&#8221;gcid-1ae503c5-09e6-47be-8567-a965910b1107&#8243; title_text_align=&#8221;right&#8221; custom_padding=&#8221;15px|0px||0px|false|false&#8221; custom_padding_tablet=&#8221;15px|0px||0px|false|false&#8221; custom_padding_phone=&#8221;15px|0px||0px|false|false&#8221; custom_padding_last_edited=&#8221;on|desktop&#8221; custom_css_main_element=&#8221;display:flex;||flex-direction:column;||align-items:flex-end;&#8221; custom_css_toggle_title=&#8221;order:2;||padding-right:25px !important;&#8221; custom_css_toggle_content=&#8221;order:1;||padding:0;&#8221; border_width_all=&#8221;0px&#8221; locked=&#8221;off&#8221; global_colors_info=&#8221;{%22gcid-1ae503c5-09e6-47be-8567-a965910b1107%22:%91%22icon_color%22,%22title_text_color%22,%22open_icon_color%22%93}&#8221;]<\/p>\n<p>La perte des remont\u00e9es m\u00e9caniques \u00e0 Evol\u00e8ne repr\u00e9sente bien plus qu&#8217;une simple interruption des activit\u00e9s touristiques. Elle menace le tissu \u00e9conomique local, mettant en p\u00e9ril les emplois, les commerces et les services associ\u00e9s. Sans cette activit\u00e9 essentielle, la r\u00e9gion risque de plonger dans une sorte d&#8217;hibernation \u00e9conomique, avec des cons\u00e9quences d\u00e9sastreuses pour ses habitants et son d\u00e9veloppement. En ce sens, T\u00e9l\u00e9-Evol\u00e8ne joue un r\u00f4le crucial en maintenant la vitalit\u00e9 \u00e9conomique de la r\u00e9gion.&#8221;<\/p>\n<p>[\/et_pb_toggle][\/et_pb_column][et_pb_column type=&#8221;1_3&#8243; _builder_version=&#8221;4.23.1&#8243; _module_preset=&#8221;default&#8221; global_colors_info=&#8221;{}&#8221;][et_pb_team_member name=&#8221;Judith et Claude Martin&#8221; position=&#8221;Ancien directeur g\u00e9n\u00e9ral du WWF international&#8221; image_url=&#8221;https:\/\/projet-tele-evolene.ch\/wp-content\/uploads\/2024\/05\/PastedGraphic-1.png&#8221; _builder_version=&#8221;4.24.2&#8243; _module_preset=&#8221;default&#8221; custom_margin=&#8221;||0px||false|false&#8221; hover_enabled=&#8221;0&#8243; global_colors_info=&#8221;{}&#8221; sticky_enabled=&#8221;0&#8243; title_text=&#8221;PastedGraphic-1&#8243;]<\/p>\n<p class=\"\"><span><\/span><\/p>\n<p class=\"\"><span>Evol\u00e8ne et son paysage est un des plus beaux endroits de Suisse, notamment gr\u00e2ce au respect de sa population pour les valeurs culturelles et environnementales locales. <\/span><\/p>\n<p>[\/et_pb_team_member][et_pb_toggle title=&#8221;Voir&#8221; open_toggle_background_color=&#8221;RGBA(255,255,255,0)&#8221; closed_toggle_background_color=&#8221;RGBA(255,255,255,0)&#8221; icon_color=&#8221;gcid-1ae503c5-09e6-47be-8567-a965910b1107&#8243; toggle_icon=&#8221;&#x4c;||divi||400&#8243; open_icon_color=&#8221;gcid-1ae503c5-09e6-47be-8567-a965910b1107&#8243; open_toggle_icon=&#8221;&#x4b;||divi||400&#8243; _builder_version=&#8221;4.24.2&#8243; _module_preset=&#8221;default&#8221; title_text_color=&#8221;gcid-1ae503c5-09e6-47be-8567-a965910b1107&#8243; title_text_align=&#8221;right&#8221; custom_padding=&#8221;15px|0px||0px|false|false&#8221; custom_padding_tablet=&#8221;15px|0px||0px|false|false&#8221; custom_padding_phone=&#8221;15px|0px||0px|false|false&#8221; custom_padding_last_edited=&#8221;on|desktop&#8221; hover_enabled=&#8221;0&#8243; custom_css_main_element=&#8221;display:flex;||flex-direction:column;||align-items:flex-end;&#8221; custom_css_toggle_title=&#8221;order:2;||padding-right:25px !important;&#8221; custom_css_toggle_content=&#8221;order:1;||padding:0;&#8221; border_width_all=&#8221;0px&#8221; locked=&#8221;off&#8221; global_colors_info=&#8221;{%22gcid-1ae503c5-09e6-47be-8567-a965910b1107%22:%91%22icon_color%22,%22title_text_color%22,%22open_icon_color%22%93}&#8221; sticky_enabled=&#8221;0&#8243;]<\/p>\n<p><span>A l&#8217;\u00e9poque actuelle, ceci n\u2019est ni une \u00e9vidence ni une banalit\u00e9 comme le d\u00e9montrent bien d\u2019autres exemples dans les Alpes. Ce patrimoine ne peut pourtant \u00eatre pr\u00e9serv\u00e9 sans une \u00e9conomie locale, des possibilit\u00e9s d&#8217;emploi et un tourisme doux et familial dans la vall\u00e9e. Pour ces raisons, nous soutenons le projet de T\u00e9l\u00e9-Evol\u00e8ne.<\/span><\/p>\n<p class=\"\">\n<p>[\/et_pb_toggle][\/et_pb_column][et_pb_column type=&#8221;1_3&#8243; _builder_version=&#8221;4.23.1&#8243; _module_preset=&#8221;default&#8221; global_colors_info=&#8221;{}&#8221;][et_pb_team_member name=&#8221;Serge Gaudin&#8221; position=&#8221;Ancien conseiller communal d&#039;Evol\u00e8ne&#8221; image_url=&#8221;https:\/\/projet-tele-evolene.ch\/wp-content\/uploads\/2024\/02\/Portrait.jpg&#8221; _builder_version=&#8221;4.23.1&#8243; _module_preset=&#8221;default&#8221; custom_margin=&#8221;||0px||false|false&#8221; global_colors_info=&#8221;{}&#8221;]<\/p>\n<p class=\"\"><span><\/span><\/p>\n<p class=\"\"><span>Le Magic Pass a cr\u00e9\u00e9 un nouveau mod\u00e8le \u00e9conomique pour les remont\u00e9es m\u00e9caniques avec une offre d\u2019acc\u00e8s 4 saisons dans l\u2019ensemble du Valais.<\/span><\/p>\n<p>[\/et_pb_team_member][et_pb_toggle title=&#8221;Voir&#8221; open_toggle_background_color=&#8221;RGBA(255,255,255,0)&#8221; closed_toggle_background_color=&#8221;RGBA(255,255,255,0)&#8221; icon_color=&#8221;gcid-1ae503c5-09e6-47be-8567-a965910b1107&#8243; toggle_icon=&#8221;&#x4c;||divi||400&#8243; open_icon_color=&#8221;gcid-1ae503c5-09e6-47be-8567-a965910b1107&#8243; open_toggle_icon=&#8221;&#x4b;||divi||400&#8243; _builder_version=&#8221;4.23.1&#8243; _module_preset=&#8221;default&#8221; title_text_color=&#8221;gcid-1ae503c5-09e6-47be-8567-a965910b1107&#8243; title_text_align=&#8221;right&#8221; custom_padding=&#8221;15px|0px||0px|false|false&#8221; custom_padding_tablet=&#8221;15px|0px||0px|false|false&#8221; custom_padding_phone=&#8221;15px|0px||0px|false|false&#8221; custom_padding_last_edited=&#8221;on|desktop&#8221; custom_css_main_element=&#8221;display:flex;||flex-direction:column;||align-items:flex-end;&#8221; custom_css_toggle_title=&#8221;order:2;||padding-right:25px !important;&#8221; custom_css_toggle_content=&#8221;order:1;||padding:0;&#8221; border_width_all=&#8221;0px&#8221; locked=&#8221;off&#8221; global_colors_info=&#8221;{%22gcid-1ae503c5-09e6-47be-8567-a965910b1107%22:%91%22icon_color%22,%22title_text_color%22,%22open_icon_color%22%93}&#8221;]<\/p>\n<p class=\"\"><span>Une remont\u00e9e m\u00e9canique comme le projet de la t\u00e9l\u00e9cabine permet de moderniser l\u2019acc\u00e8s \u00e0 l\u2019Espace Dent-Blanche du c\u00f4t\u00e9 de Chemeuille et de garantir un domaine de ski attractif dans la commune d\u2019Evol\u00e8ne. Elle offre \u00e9galement une mobilit\u00e9 publique accessible pour l\u2019ensemble des activit\u00e9s touristiques 4 saisons.<\/span><\/p>\n<p class=\"\"><span>Ce projet consiste \u00e0 moderniser une installation existante par une remont\u00e9e m\u00e9canique performante pour les trente prochaines ann\u00e9es afin d\u2019acc\u00e9der au domaine skiable de T\u00e9l\u00e9-Evol\u00e8ne qui offre la possibilit\u00e9 de skier au-dessus de 2000m, ce qui est gage d\u2019un enneigement hivernal, \u00e0 l&#8217;heure o\u00f9 le r\u00e9chauffement climatique pr\u00e9t\u00e9rite bon nombre de domaines skiables de basse altitude<\/span><\/p>\n<p class=\"\"><span>Finalement, notre mod\u00e8le se base sur la pr\u00e9servation de notre patrimoine touristique qui ne peut survivre que si un investissement dans les transports par c\u00e2ble est consenti.<\/span><\/p>\n<p>[\/et_pb_toggle][\/et_pb_column][\/et_pb_row][et_pb_row column_structure=&#8221;1_3,1_3,1_3&#8243; _builder_version=&#8221;4.24.2&#8243; _module_preset=&#8221;default&#8221; hover_enabled=&#8221;0&#8243; global_colors_info=&#8221;{}&#8221; sticky_enabled=&#8221;0&#8243;][et_pb_column type=&#8221;1_3&#8243; _builder_version=&#8221;4.23.1&#8243; _module_preset=&#8221;default&#8221; global_colors_info=&#8221;{}&#8221;][et_pb_team_member name=&#8221;Eddy Favre&#8221; position=&#8221;Dirigeant Holding IG group SA et conseiller communal d&#039;Evol\u00e8ne&#8221; image_url=&#8221;https:\/\/projet-tele-evolene.ch\/wp-content\/uploads\/2023\/12\/Eddy-Favre.jpg&#8221; _builder_version=&#8221;4.23.1&#8243; _module_preset=&#8221;default&#8221; custom_margin=&#8221;||0px||false|false&#8221; locked=&#8221;off&#8221; global_colors_info=&#8221;{}&#8221;]<\/p>\n<p><strong><\/strong><\/p>\n<p>&#8220;L&#8217;avenir du tourisme est le quatre saisons \u00e0 partir de 2000m. C&#8217;est le point fort du domaine &#8220;Espace Dent-Blanche&#8221;.<\/p>\n<p>[\/et_pb_team_member][et_pb_toggle title=&#8221;Voir&#8221; open_toggle_background_color=&#8221;RGBA(255,255,255,0)&#8221; closed_toggle_background_color=&#8221;RGBA(255,255,255,0)&#8221; icon_color=&#8221;gcid-1ae503c5-09e6-47be-8567-a965910b1107&#8243; toggle_icon=&#8221;&#x4c;||divi||400&#8243; open_icon_color=&#8221;gcid-1ae503c5-09e6-47be-8567-a965910b1107&#8243; open_toggle_icon=&#8221;&#x4b;||divi||400&#8243; _builder_version=&#8221;4.23.1&#8243; _module_preset=&#8221;default&#8221; title_text_color=&#8221;gcid-1ae503c5-09e6-47be-8567-a965910b1107&#8243; title_text_align=&#8221;right&#8221; custom_padding=&#8221;15px|0px||0px|false|false&#8221; custom_padding_tablet=&#8221;15px|0px||0px|false|false&#8221; custom_padding_phone=&#8221;15px|0px||0px|false|false&#8221; custom_padding_last_edited=&#8221;on|desktop&#8221; custom_css_main_element=&#8221;display:flex;||flex-direction:column;||align-items:flex-end;&#8221; custom_css_toggle_title=&#8221;order:2;||padding-right:25px !important;&#8221; custom_css_toggle_content=&#8221;order:1;||padding:0;&#8221; border_width_all=&#8221;0px&#8221; global_colors_info=&#8221;{%22gcid-1ae503c5-09e6-47be-8567-a965910b1107%22:%91%22icon_color%22,%22title_text_color%22,%22open_icon_color%22%93}&#8221;]<\/p>\n<p>Le site de Chemeuille en est un des piliers. A nous de saisir cette opportunit\u00e9 pour les g\u00e9n\u00e9rations futures.&#8221;<\/p>\n<p>[\/et_pb_toggle][\/et_pb_column][et_pb_column type=&#8221;1_3&#8243; _builder_version=&#8221;4.23.1&#8243; _module_preset=&#8221;default&#8221; global_colors_info=&#8221;{}&#8221;][et_pb_team_member name=&#8221;Robert Bolognesi&#8221; position=&#8221;Nivologue, auteur, \u00e9diteur, sp\u00e9cialiste de la neige et des avalanches.&#8221; image_url=&#8221;https:\/\/projet-tele-evolene.ch\/wp-content\/uploads\/2023\/12\/Robert-Bolognesi.jpg&#8221; _builder_version=&#8221;4.23.1&#8243; _module_preset=&#8221;default&#8221; custom_margin=&#8221;||0px||false|false&#8221; global_colors_info=&#8221;{}&#8221;]<\/p>\n<p><span><\/span><\/p>\n<p><span>&#8220;Actuellement, la neige se rar\u00e9fie en plaine mais, au-dessus de 2000 m, l&#8217;enneigement restera probablement suffisant pour skier pendant encore plusieurs d\u00e9cennies. <\/span><\/p>\n<p>[\/et_pb_team_member][et_pb_toggle title=&#8221;Voir&#8221; open_toggle_background_color=&#8221;RGBA(255,255,255,0)&#8221; closed_toggle_background_color=&#8221;RGBA(255,255,255,0)&#8221; icon_color=&#8221;gcid-1ae503c5-09e6-47be-8567-a965910b1107&#8243; toggle_icon=&#8221;&#x4c;||divi||400&#8243; open_icon_color=&#8221;gcid-1ae503c5-09e6-47be-8567-a965910b1107&#8243; open_toggle_icon=&#8221;&#x4b;||divi||400&#8243; _builder_version=&#8221;4.23.1&#8243; _module_preset=&#8221;default&#8221; title_text_color=&#8221;gcid-1ae503c5-09e6-47be-8567-a965910b1107&#8243; title_text_align=&#8221;right&#8221; custom_padding=&#8221;15px|0px||0px|false|false&#8221; custom_padding_tablet=&#8221;15px|0px||0px|false|false&#8221; custom_padding_phone=&#8221;15px|0px||0px|false|false&#8221; custom_padding_last_edited=&#8221;on|desktop&#8221; custom_css_main_element=&#8221;display:flex;||flex-direction:column;||align-items:flex-end;&#8221; custom_css_toggle_title=&#8221;order:2;||padding-right:25px !important;&#8221; custom_css_toggle_content=&#8221;order:1;||padding:0;&#8221; border_width_all=&#8221;0px&#8221; locked=&#8221;off&#8221; global_colors_info=&#8221;{%22gcid-1ae503c5-09e6-47be-8567-a965910b1107%22:%91%22icon_color%22,%22title_text_color%22,%22open_icon_color%22%93}&#8221;]<\/p>\n<p><span>A Evol\u00e8ne, le remplacement du t\u00e9l\u00e9si\u00e8ge existant par une t\u00e9l\u00e9cabine appara\u00eet donc tout \u00e0 fait pertinent. <\/span><\/p>\n<p><span>Cette liaison, constituant une r\u00e9novation de la ligne actuelle, donnerait acc\u00e8s \u00e0 des pistes de ski d\u00e9j\u00e0 am\u00e9nag\u00e9es mais aussi \u00e0 des itin\u00e9raires de randonn\u00e9e estivale empruntant des chemins existants. <\/span><\/p>\n<p><span>En veillant \u00e0 minimiser l\u2019impact environnemental et paysager des divers am\u00e9nagements pr\u00e9vus, ce projet serait tr\u00e8s profitable \u00e0 toute la vall\u00e9e.&#8221;<\/span><\/p>\n<p>[\/et_pb_toggle][\/et_pb_column][et_pb_column _builder_version=&#8221;4.24.2&#8243; _module_preset=&#8221;default&#8221; type=&#8221;1_3&#8243;][et_pb_team_member name=&#8221;Florian Pannatier&#8221; position=&#8221;Responsable marketing et coordination de Val d&#039;H\u00e9rens Tourisme&#8221; image_url=&#8221;https:\/\/projet-tele-evolene.ch\/wp-content\/uploads\/2024\/03\/OT_portraits-10-Copie-scaled.jpg&#8221; _builder_version=&#8221;4.23.1&#8243; _module_preset=&#8221;default&#8221; custom_margin=&#8221;||-23px||false|false&#8221; global_colors_info=&#8221;{}&#8221;]<\/p>\n<p><span style=\"font-size: 14px;\"><\/span><\/p>\n<p><span style=\"font-size: 14px;\">Situ\u00e9 en plein coeur du Val d&#8217;H\u00e9rens, la r\u00e9alisation de ce projet permettra de mettre en valeur le terroir, le patrimoine alpestre et les paysages de toute la vall\u00e9e.<\/span><br \/><span style=\"font-size: 14px;\"><\/span><\/p>\n<blockquote><\/blockquote>\n<p>[\/et_pb_team_member][et_pb_toggle title=&#8221;Voir&#8221; open_toggle_background_color=&#8221;RGBA(255,255,255,0)&#8221; closed_toggle_background_color=&#8221;RGBA(255,255,255,0)&#8221; icon_color=&#8221;gcid-1ae503c5-09e6-47be-8567-a965910b1107&#8243; toggle_icon=&#8221;&#x4c;||divi||400&#8243; open_icon_color=&#8221;gcid-1ae503c5-09e6-47be-8567-a965910b1107&#8243; open_toggle_icon=&#8221;&#x4b;||divi||400&#8243; _builder_version=&#8221;4.23.1&#8243; _module_preset=&#8221;default&#8221; title_text_color=&#8221;gcid-1ae503c5-09e6-47be-8567-a965910b1107&#8243; title_text_align=&#8221;right&#8221; custom_padding=&#8221;0px|0px||0px|false|false&#8221; custom_padding_tablet=&#8221;15px|0px||0px|false|false&#8221; custom_padding_phone=&#8221;15px|0px||0px|false|false&#8221; custom_padding_last_edited=&#8221;on|desktop&#8221; custom_css_main_element=&#8221;display:flex;||flex-direction:column;||align-items:flex-end;&#8221; custom_css_toggle_title=&#8221;order:2;||padding-right:25px !important;&#8221; custom_css_toggle_content=&#8221;order:1;||padding:0;&#8221; border_width_all=&#8221;0px&#8221; locked=&#8221;off&#8221; global_colors_info=&#8221;{%22gcid-1ae503c5-09e6-47be-8567-a965910b1107%22:%91%22icon_color%22,%22title_text_color%22,%22open_icon_color%22%93}&#8221;]<\/p>\n<p>L&#8217;opportunit\u00e9 d&#8217;offir \u00e0 nos visiteurs et \u00e0 nos habitants un moyen de transport confortable pouvant les emmener rapidement \u00e0 2100m, nous permettra de proposer toute l&#8217;ann\u00e9e des exp\u00e9riences inoubliables. <\/p>\n<p>Au sommet, ils retrouveront ce panorama exceptionnel, cet alpage qui abrite les embl\u00e8mes de la vall\u00e9e : les vaches de la race d&#8217;h\u00e9rens, les nombreux itin\u00e9raires vers Vendes, Mandelon, le glacier de Vouasson, le lac d&#8217;Arbey, le Col de la Meina et les 3000m du Pic d&#8217;Arzinol&#8230;<\/p>\n<p>De plus, la fiabilit\u00e9 de l&#8217;installation, son fonctionnement au moins 10 mois par an et la r\u00e9novation compl\u00e8te de l&#8217;espace de restauration donnera l&#8217;opportunit\u00e9 de d\u00e9velopper encore de multiples activit\u00e9s pour tous les \u00e2ges et tous les go\u00fbts.<\/p>\n<p>[\/et_pb_toggle][\/et_pb_column][\/et_pb_row][et_pb_row column_structure=&#8221;1_3,1_3,1_3&#8243; _builder_version=&#8221;4.23.1&#8243; _module_preset=&#8221;default&#8221; global_colors_info=&#8221;{}&#8221;][et_pb_column type=&#8221;1_3&#8243; _builder_version=&#8221;4.23.1&#8243; _module_preset=&#8221;default&#8221; global_colors_info=&#8221;{}&#8221;][et_pb_team_member name=&#8221;Yves Chevrier&#8221; position=&#8221;Brevet d\u2019avocat, Expert fiscal dipl\u00f4m\u00e9, Expert r\u00e9viseur agr\u00e9\u00e9, Lic. Sc. Commerciales (MSc)&#8221; image_url=&#8221;https:\/\/projet-tele-evolene.ch\/wp-content\/uploads\/2024\/02\/Yves-Chevrier.jpg&#8221; _builder_version=&#8221;4.23.1&#8243; _module_preset=&#8221;default&#8221; custom_margin=&#8221;||0px||false|false&#8221; global_colors_info=&#8221;{}&#8221;]<\/p>\n<p><span><\/span><\/p>\n<p><span>&#8220;Le projet est fondamental pour l&#8217;avenir de la R\u00e9gion et je me r\u00e9jouis personnellement de sa r\u00e9alisation!<\/span><\/p>\n<p><span>Bravo aux initiateurs !&#8221;<\/span><\/p>\n<p>[\/et_pb_team_member][\/et_pb_column][et_pb_column type=&#8221;1_3&#8243; _builder_version=&#8221;4.23.1&#8243; _module_preset=&#8221;default&#8221; global_colors_info=&#8221;{}&#8221;][et_pb_team_member name=&#8221;C\u00e9line Rumpf&#8221; position=&#8221;Assistante-Doctorante en Dialectologie galloromane &#8221; image_url=&#8221;https:\/\/projet-tele-evolene.ch\/wp-content\/uploads\/2024\/02\/Rumpf_Celine_Couleur-e1709242918675.jpeg&#8221; _builder_version=&#8221;4.23.1&#8243; _module_preset=&#8221;default&#8221; custom_margin=&#8221;||-23px||false|false&#8221; global_colors_info=&#8221;{}&#8221;]<\/p>\n<p><span style=\"font-size: 14px;\"><\/span><\/p>\n<p><span style=\"font-size: 14px;\">Soyons reconnaissants envers le travail fourni par ceux qui \u00e9taient l\u00e0 avant nous. Leur audace a cr\u00e9\u00e9 un lieu exceptionnel dont nous sommes fiers et qu&#8217;il faut continuer de faire vivre. <\/span><br \/><span style=\"font-size: 14px;\"><\/span><\/p>\n<blockquote><\/blockquote>\n<p>[\/et_pb_team_member][et_pb_toggle title=&#8221;Voir&#8221; open_toggle_background_color=&#8221;RGBA(255,255,255,0)&#8221; closed_toggle_background_color=&#8221;RGBA(255,255,255,0)&#8221; icon_color=&#8221;gcid-1ae503c5-09e6-47be-8567-a965910b1107&#8243; toggle_icon=&#8221;&#x4c;||divi||400&#8243; open_icon_color=&#8221;gcid-1ae503c5-09e6-47be-8567-a965910b1107&#8243; open_toggle_icon=&#8221;&#x4b;||divi||400&#8243; _builder_version=&#8221;4.23.1&#8243; _module_preset=&#8221;default&#8221; title_text_color=&#8221;gcid-1ae503c5-09e6-47be-8567-a965910b1107&#8243; title_text_align=&#8221;right&#8221; custom_padding=&#8221;0px|0px||0px|false|false&#8221; custom_padding_tablet=&#8221;15px|0px||0px|false|false&#8221; custom_padding_phone=&#8221;15px|0px||0px|false|false&#8221; custom_padding_last_edited=&#8221;on|desktop&#8221; custom_css_main_element=&#8221;display:flex;||flex-direction:column;||align-items:flex-end;&#8221; custom_css_toggle_title=&#8221;order:2;||padding-right:25px !important;&#8221; custom_css_toggle_content=&#8221;order:1;||padding:0;&#8221; border_width_all=&#8221;0px&#8221; locked=&#8221;off&#8221; global_colors_info=&#8221;{%22gcid-1ae503c5-09e6-47be-8567-a965910b1107%22:%91%22icon_color%22,%22title_text_color%22,%22open_icon_color%22%93}&#8221;]<\/p>\n<p><span style=\"font-size: 14px;\">Ce projet rev\u00eat une importance cruciale pour l&#8217;attractivit\u00e9 de notre commune. D\u2019une part pour la promotion d\u2019un tourisme doux en hiver et surtout en \u00e9t\u00e9. Et d\u2019autre part pour pr\u00e9venir la d\u00e9pr\u00e9ciation des biens des Evol\u00e8nard.e.s, car il est crucial de reconna\u00eetre que la valeur d&#8217;un bien est \u00e9troitement li\u00e9e \u00e0 l&#8217;attrait de la r\u00e9gion dans laquelle il se situe. <\/span><\/p>\n<p><span style=\"font-size: 14px;\">En soutenant T\u00e9l\u00e9 Evol\u00e8ne, en unissant nos forces, pr\u00e9servons ce tr\u00e9sor local et prenons en main notre avenir, assurant ainsi la prosp\u00e9rit\u00e9 de notre communaut\u00e9 pour les ann\u00e9es \u00e0 venir.<\/span><\/p>\n<p>[\/et_pb_toggle][\/et_pb_column][et_pb_column type=&#8221;1_3&#8243; _builder_version=&#8221;4.23.1&#8243; _module_preset=&#8221;default&#8221; global_colors_info=&#8221;{}&#8221;][et_pb_team_member name=&#8221;Kylian Ma\u00eetre&#8221; position=&#8221;Ing\u00e9nieur structure bois HES &amp; Pr\u00e9sident du Carnaval d&#039;Evol\u00e8ne&#8221; image_url=&#8221;https:\/\/projet-tele-evolene.ch\/wp-content\/uploads\/2023\/12\/Kylian-Maitre-1.jpg&#8221; _builder_version=&#8221;4.23.1&#8243; _module_preset=&#8221;default&#8221; custom_margin=&#8221;||0px||false|false&#8221; global_colors_info=&#8221;{}&#8221;]<\/p>\n<p><strong><\/strong><\/p>\n<p>&#8220;La disparition des remont\u00e9es m\u00e9caniques c\u00e2bl\u00e9es de Chemeuille menace la survie de nos traditions vivantes \u00e0 Evol\u00e8ne.<\/p>\n<p>[\/et_pb_team_member][et_pb_toggle title=&#8221;Voir&#8221; open_toggle_background_color=&#8221;RGBA(255,255,255,0)&#8221; closed_toggle_background_color=&#8221;RGBA(255,255,255,0)&#8221; icon_color=&#8221;gcid-1ae503c5-09e6-47be-8567-a965910b1107&#8243; toggle_icon=&#8221;&#x4c;||divi||400&#8243; open_icon_color=&#8221;gcid-1ae503c5-09e6-47be-8567-a965910b1107&#8243; open_toggle_icon=&#8221;&#x4b;||divi||400&#8243; _builder_version=&#8221;4.23.1&#8243; _module_preset=&#8221;default&#8221; title_text_color=&#8221;gcid-1ae503c5-09e6-47be-8567-a965910b1107&#8243; title_text_align=&#8221;right&#8221; custom_padding=&#8221;15px|0px||0px|false|false&#8221; custom_padding_tablet=&#8221;15px|0px||0px|false|false&#8221; custom_padding_phone=&#8221;15px|0px||0px|false|false&#8221; custom_padding_last_edited=&#8221;on|desktop&#8221; custom_css_main_element=&#8221;display:flex;||flex-direction:column;||align-items:flex-end;&#8221; custom_css_toggle_title=&#8221;order:2;||padding-right:25px !important;&#8221; custom_css_toggle_content=&#8221;order:1;||padding:0;&#8221; border_width_all=&#8221;0px&#8221; locked=&#8221;off&#8221; global_colors_info=&#8221;{%22gcid-1ae503c5-09e6-47be-8567-a965910b1107%22:%91%22icon_color%22,%22title_text_color%22,%22open_icon_color%22%93}&#8221;]<\/p>\n<p>Ces structures, bien plus que de simples infrastructures touristiques, sont des art\u00e8res vitales de notre \u00e9conomie locale et des gardiennes de notre patrimoine culturel.<\/p>\n<p>En cas d&#8217;\u00e9chec du projet et en extrapolant &#8220;un tout petit peu&#8221;, les commerces locaux, d\u00e9j\u00e0 fragilis\u00e9s et vieillissants, pourraient fermer d\u00e9finitivement leurs portes, transformant nos rues autrefois anim\u00e9es en d\u00e9serts de tristesse.<\/p>\n<p>Des dizaines d&#8217;habitants, d\u00e9pendants des emplois saisonniers g\u00e9n\u00e9r\u00e9s par le tourisme, iraient chercher du travail ailleurs. Si ces lieux de rencontre, tels que des \u00e9piceries, des caf\u00e9s, des restaurants et des magasins d&#8217;\u00e9quipement de sport, venaient \u00e0 fermer, le tissu social de la communaut\u00e9 \u00e9vol\u00e9narde serait d\u00e9chir\u00e9. Cela mettrait \u00e0 mal nos coutumes vivantes les plus ch\u00e8res, telles que le carnaval, les costumes traditionnels, ou encore le patois local. Ces \u00e9l\u00e9ments, qui ont fa\u00e7onn\u00e9 notre identit\u00e9 collective depuis des g\u00e9n\u00e9rations, risqueraient de dispara\u00eetre dans l&#8217;oubli, emport\u00e9s par la vague de d\u00e9sespoir et d&#8217;incertitude qui d\u00e9ferlerait sur nos villages.<\/p>\n<p>Ainsi, la survie de nos traditions et de notre identit\u00e9 culturelle d\u00e9pend \u00e9troitement de ces remont\u00e9es m\u00e9caniques, dont la disparition signerait non seulement la fin d&#8217;une \u00e9conomie locale, mais aussi le d\u00e9clin des multiples facettes de la vie \u00e0 Evol\u00e8ne. L&#8217;heure est grave, l&#8217;avenir de nos villages repose sur notre d\u00e9termination \u00e0 prot\u00e9ger notre histoire et \u00e0 forger notre propre avenir.<strong><\/strong>&#8220;<\/p>\n<p>[\/et_pb_toggle][\/et_pb_column][\/et_pb_row][et_pb_row column_structure=&#8221;1_3,1_3,1_3&#8243; _builder_version=&#8221;4.23.1&#8243; _module_preset=&#8221;default&#8221; global_colors_info=&#8221;{}&#8221;][et_pb_column type=&#8221;1_3&#8243; _builder_version=&#8221;4.23.1&#8243; _module_preset=&#8221;default&#8221; global_colors_info=&#8221;{}&#8221;][et_pb_team_member name=&#8221;S\u00e9bastien Gaspoz&#8221; position=&#8221;Membre du comit\u00e9 H\u00e9rensdemain&#8221; image_url=&#8221;https:\/\/projet-tele-evolene.ch\/wp-content\/uploads\/2024\/04\/sebastien-gaspoz.jpg&#8221; _builder_version=&#8221;4.24.2&#8243; _module_preset=&#8221;default&#8221; custom_margin=&#8221;||0px||false|false&#8221; global_colors_info=&#8221;{}&#8221;]<\/p>\n<p><span><\/span><\/p>\n<p><span><\/span>&#8220;<span style=\"font-size: 14px;\">Le Val d\u2019He\u0301rens doit aujourd\u2019hui e\u0302tre redynamise\u0301 de fac\u0327on globale. Le projet de Te\u0301le\u0301-Evole\u0300ne correspond parfaitement a\u0300 cette vision et contribuera grandement, en de\u0301veloppant une offre touristique comple\u0300te sur 4 saisons, d\u2019assurer un avenir pour le futur de notre valle\u0301e !&#8221;<\/span><\/p>\n<p>[\/et_pb_team_member][\/et_pb_column][et_pb_column type=&#8221;1_3&#8243; _builder_version=&#8221;4.23.1&#8243; _module_preset=&#8221;default&#8221; global_colors_info=&#8221;{}&#8221;][et_pb_team_member name=&#8221;Marl\u00e8ne Mauris&#8221; position=&#8221;Pr\u00e9sidente d&#039;Evol\u00e8ne R\u00e9gion Tourisme \/ Charg\u00e9e de projets Culture &#8211; Ville de Sion&#8221; image_url=&#8221;https:\/\/projet-tele-evolene.ch\/wp-content\/uploads\/2024\/04\/Marlene-Mauris.jpg&#8221; _builder_version=&#8221;4.24.2&#8243; _module_preset=&#8221;default&#8221; custom_margin=&#8221;||0px||false|false&#8221; global_colors_info=&#8221;{}&#8221;]<\/p>\n<p>&nbsp;<\/p>\n<p>&#8220;<span>La r\u00e9gion d&#8217;Evol\u00e8ne regorge de beaut\u00e9s, tant au niveau du paysage que des humains qui l&#8217;habitent ou la visitent.<\/span><\/p>\n<p>[\/et_pb_team_member][et_pb_toggle title=&#8221;Voir&#8221; open_toggle_background_color=&#8221;RGBA(255,255,255,0)&#8221; closed_toggle_background_color=&#8221;RGBA(255,255,255,0)&#8221; icon_color=&#8221;gcid-1ae503c5-09e6-47be-8567-a965910b1107&#8243; toggle_icon=&#8221;&#x4c;||divi||400&#8243; open_icon_color=&#8221;gcid-1ae503c5-09e6-47be-8567-a965910b1107&#8243; open_toggle_icon=&#8221;&#x4b;||divi||400&#8243; _builder_version=&#8221;4.24.2&#8243; _module_preset=&#8221;default&#8221; title_text_color=&#8221;gcid-1ae503c5-09e6-47be-8567-a965910b1107&#8243; title_text_align=&#8221;right&#8221; custom_padding=&#8221;15px|0px||0px|false|false&#8221; custom_padding_tablet=&#8221;15px|0px||0px|false|false&#8221; custom_padding_phone=&#8221;15px|0px||0px|false|false&#8221; custom_padding_last_edited=&#8221;on|desktop&#8221; custom_css_main_element=&#8221;display:flex;||flex-direction:column;||align-items:flex-end;&#8221; custom_css_toggle_title=&#8221;order:2;||padding-right:25px !important;&#8221; custom_css_toggle_content=&#8221;order:1;||padding:0;&#8221; border_width_all=&#8221;0px&#8221; locked=&#8221;off&#8221; global_colors_info=&#8221;{%22gcid-1ae503c5-09e6-47be-8567-a965910b1107%22:%91%22icon_color%22,%22title_text_color%22,%22open_icon_color%22%93}&#8221;]<\/p>\n<p><span>Cette perspective d&#8217;un lieu de rencontre en altitude, dans un cadre magique et accessible pour toute personne, quelque soit son \u00e2ge ou sa capacit\u00e9 \u00e0 se d\u00e9placer, est une opportunit\u00e9 \u00e0 ne pas manquer. Transformer une infrastructure existante en une solution technique pertinente et adapt\u00e9e aux diff\u00e9rentes saisons de l&#8217;ann\u00e9e est un gage de respect et de r\u00e9flexion durable. L&#8217;environnement restera pr\u00e9serv\u00e9 et la pr\u00e9sence humaine mesur\u00e9e au regard de la faune et de la flore. La valorisation des merveilles naturelles et du terroir de nos hauteurs n&#8217;est pas un pari, mais une r\u00e9alit\u00e9 \u00e0 laquelle aspirent celles et ceux qui prennent soin de la montagne.&#8221;<\/span><\/p>\n<p>[\/et_pb_toggle][\/et_pb_column][et_pb_column type=&#8221;1_3&#8243; _builder_version=&#8221;4.23.1&#8243; _module_preset=&#8221;default&#8221; global_colors_info=&#8221;{}&#8221;][et_pb_team_member name=&#8221;G\u00e9rald Pralong&#8221; position=&#8221;Conseiller communal d&#039;Evol\u00e8ne&#8221; image_url=&#8221;https:\/\/projet-tele-evolene.ch\/wp-content\/uploads\/2023\/12\/Gerald-Pralong.jpg&#8221; _builder_version=&#8221;4.23.1&#8243; _module_preset=&#8221;default&#8221; custom_margin=&#8221;||0px||false|false&#8221; global_colors_info=&#8221;{}&#8221;]<\/p>\n<p>&nbsp;<\/p>\n<p>&#8220;Ce projet est essentiel pour maintenir et am\u00e9liorer l\u2019offre touristique de la commune.<\/p>\n<p>[\/et_pb_team_member][et_pb_toggle title=&#8221;Voir&#8221; open_toggle_background_color=&#8221;RGBA(255,255,255,0)&#8221; closed_toggle_background_color=&#8221;RGBA(255,255,255,0)&#8221; icon_color=&#8221;gcid-1ae503c5-09e6-47be-8567-a965910b1107&#8243; toggle_icon=&#8221;&#x4c;||divi||400&#8243; open_icon_color=&#8221;gcid-1ae503c5-09e6-47be-8567-a965910b1107&#8243; open_toggle_icon=&#8221;&#x4b;||divi||400&#8243; _builder_version=&#8221;4.23.1&#8243; _module_preset=&#8221;default&#8221; title_text_color=&#8221;gcid-1ae503c5-09e6-47be-8567-a965910b1107&#8243; title_text_align=&#8221;right&#8221; custom_padding=&#8221;15px|0px||0px|false|false&#8221; custom_padding_tablet=&#8221;15px|0px||0px|false|false&#8221; custom_padding_phone=&#8221;15px|0px||0px|false|false&#8221; custom_padding_last_edited=&#8221;on|desktop&#8221; custom_css_main_element=&#8221;display:flex;||flex-direction:column;||align-items:flex-end;&#8221; custom_css_toggle_title=&#8221;order:2;||padding-right:25px !important;&#8221; custom_css_toggle_content=&#8221;order:1;||padding:0;&#8221; border_width_all=&#8221;0px&#8221; locked=&#8221;off&#8221; global_colors_info=&#8221;{%22gcid-1ae503c5-09e6-47be-8567-a965910b1107%22:%91%22icon_color%22,%22title_text_color%22,%22open_icon_color%22%93}&#8221;]<\/p>\n<p>Il permet la sauvegarde du domaine skiable de T\u00e9l\u00e9-Evol\u00e8ne qui se situe \u00e0 plus de 2&#8217;000 m et le d\u00e9veloppement d\u2019une activit\u00e9 touristique 4 saisons gr\u00e2ce \u00e0 une nouvelle installation de transport par c\u00e2ble qui permet un acc\u00e8s facilit\u00e9 \u00e0 la montagne \u00e0 toutes les cat\u00e9gories de personnes (familles, seniors, personnes \u00e0 mobilit\u00e9 r\u00e9duite).<\/p>\n<p>Le maintien d\u2019une infrastructure touristique sur le secteur d\u2019Evol\u00e8ne est un \u00e9l\u00e9ment indispensable de l\u2019\u00e9conomie locale qui permettra la sauvegarde des commerces locaux et des emplois qui y sont associ\u00e9s.&#8221;<\/p>\n<p>[\/et_pb_toggle][\/et_pb_column][\/et_pb_row][et_pb_row column_structure=&#8221;1_3,1_3,1_3&#8243; _builder_version=&#8221;4.23.1&#8243; _module_preset=&#8221;default&#8221; global_colors_info=&#8221;{}&#8221;][et_pb_column type=&#8221;1_3&#8243; _builder_version=&#8221;4.23.1&#8243; _module_preset=&#8221;default&#8221; global_colors_info=&#8221;{}&#8221;][et_pb_team_member name=&#8221;Xavier Rieder&#8221; position=&#8221;Pr\u00e9sident de La Maison des Reines \/ Policier &amp; Officier militaire&#8221; image_url=&#8221;https:\/\/projet-tele-evolene.ch\/wp-content\/uploads\/2024\/04\/xavier-rieder.jpg&#8221; _builder_version=&#8221;4.24.2&#8243; _module_preset=&#8221;default&#8221; custom_margin=&#8221;||0px||false|false&#8221; locked=&#8221;off&#8221; global_colors_info=&#8221;{}&#8221;]<\/p>\n<p style=\"font-weight: 400;\">\n<p style=\"font-weight: 400;\">&#8220;Nos remont\u00e9es m\u00e9caniques sont la vitrine de notre communaut\u00e9, mettant en valeur nos commerces locaux et offrant une plateforme pour la vente de nos produits du terroir ainsi que la mise en valeur de nos vaches d&#8217;H\u00e9rens, faisant ainsi rayonner notre r\u00e9gion bien au-del\u00e0 de nos fronti\u00e8res.<\/p>\n<p>[\/et_pb_team_member][et_pb_toggle title=&#8221;Voir&#8221; open_toggle_background_color=&#8221;RGBA(255,255,255,0)&#8221; closed_toggle_background_color=&#8221;RGBA(255,255,255,0)&#8221; icon_color=&#8221;gcid-1ae503c5-09e6-47be-8567-a965910b1107&#8243; toggle_icon=&#8221;&#x4c;||divi||400&#8243; open_icon_color=&#8221;gcid-1ae503c5-09e6-47be-8567-a965910b1107&#8243; open_toggle_icon=&#8221;&#x4b;||divi||400&#8243; _builder_version=&#8221;4.24.2&#8243; _module_preset=&#8221;default&#8221; title_text_color=&#8221;gcid-1ae503c5-09e6-47be-8567-a965910b1107&#8243; title_text_align=&#8221;right&#8221; custom_padding=&#8221;15px|0px||0px|false|false&#8221; custom_padding_tablet=&#8221;15px|0px||0px|false|false&#8221; custom_padding_phone=&#8221;15px|0px||0px|false|false&#8221; custom_padding_last_edited=&#8221;on|desktop&#8221; custom_css_main_element=&#8221;display:flex;||flex-direction:column;||align-items:flex-end;&#8221; custom_css_toggle_title=&#8221;order:2;||padding-right:25px !important;&#8221; custom_css_toggle_content=&#8221;order:1;||padding:0;&#8221; border_width_all=&#8221;0px&#8221; locked=&#8221;off&#8221; global_colors_info=&#8221;{%22gcid-1ae503c5-09e6-47be-8567-a965910b1107%22:%91%22icon_color%22,%22title_text_color%22,%22open_icon_color%22%93}&#8221;]<\/p>\n<p style=\"font-weight: 400;\">Il est essentiel de ne pas perdre les acquis que nous avons obtenus gr\u00e2ce \u00e0 ces infrastructures, qui sont essentielles \u00e0 notre prosp\u00e9rit\u00e9.<\/p>\n<p style=\"font-weight: 400;\">Soutenir nos remont\u00e9es m\u00e9caniques serait une aubaine pour nous, nos parents et nos enfants, assurant des moments inoubliables en montagne pour les g\u00e9n\u00e9rations pr\u00e9sentes et futures, tout en favorisant un tourisme mod\u00e9r\u00e9 et \u00e0 quatre saisons, offrant ainsi des exp\u00e9riences uniques et vari\u00e9es tout au long de l&#8217;ann\u00e9e. En effet, lors de la planification de vacances, nous choisissons souvent notre destination en fonction des activit\u00e9s qui peuvent y \u00eatre r\u00e9alis\u00e9es, ce qui fait des remont\u00e9es m\u00e9caniques d&#8217;Evol\u00e8ne un \u00e9l\u00e9ment crucial pour attirer les visiteurs et garantir leur satisfaction.<\/p>\n<p style=\"font-weight: 400;\">Ce soutien est vital pour maintenir notre station dynamique et attractive.<\/p>\n<p style=\"font-weight: 400;\">Ensemble, rendons chaque descente et chaque mont\u00e9e inoubliable, tout en soutenant notre \u00e9conomie locale et nos traditions. <\/p>\n<p style=\"font-weight: 400;\">Devenez des acteurs de cette magnifique r\u00e9gion.&#8221;<\/p>\n<p>[\/et_pb_toggle][\/et_pb_column][et_pb_column type=&#8221;1_3&#8243; _builder_version=&#8221;4.23.1&#8243; _module_preset=&#8221;default&#8221; global_colors_info=&#8221;{}&#8221;][et_pb_team_member name=&#8221;Yvan Maistre&#8221; position=&#8221;Pr\u00e9sident Espace Dent-Blanche \/ Conseiller communal \/ D\u00e9put\u00e9-suppl\u00e9ant&#8221; image_url=&#8221;https:\/\/projet-tele-evolene.ch\/wp-content\/uploads\/2024\/03\/conseiller-communal-1012&#215;1024.jpeg&#8221; _builder_version=&#8221;4.24.2&#8243; _module_preset=&#8221;default&#8221; custom_margin=&#8221;||0px||false|false&#8221; global_colors_info=&#8221;{}&#8221;]<\/p>\n<p><strong><\/strong><\/p>\n<p>&#8220;<span>La recapitalisation de T\u00e9l\u00e9-Evol\u00e8ne permettra de remplacer le t\u00e9l\u00e9si\u00e8ge et de r\u00e9nover le restaurant de Chemeuille. L\u2019Espace Dent-Blanche, compos\u00e9 des stations d\u2019<\/span><span>Arolla<\/span><span>, Evol\u00e8ne et la Forclaz n\u2019ambitionne pas de devenir un Zermatt ou un Verbier mais de p\u00e9renniser le ski dans la commune d\u2019Evol\u00e8ne<\/span><span> et \u00e9galement offrir des activit\u00e9s 4 saisons.<\/span><\/p>\n<p>[\/et_pb_team_member][et_pb_toggle title=&#8221;Voir&#8221; open_toggle_background_color=&#8221;RGBA(255,255,255,0)&#8221; closed_toggle_background_color=&#8221;RGBA(255,255,255,0)&#8221; icon_color=&#8221;gcid-1ae503c5-09e6-47be-8567-a965910b1107&#8243; toggle_icon=&#8221;&#x4c;||divi||400&#8243; open_icon_color=&#8221;gcid-1ae503c5-09e6-47be-8567-a965910b1107&#8243; open_toggle_icon=&#8221;&#x4b;||divi||400&#8243; _builder_version=&#8221;4.24.2&#8243; _module_preset=&#8221;default&#8221; title_text_color=&#8221;gcid-1ae503c5-09e6-47be-8567-a965910b1107&#8243; title_text_align=&#8221;right&#8221; custom_padding=&#8221;15px|0px||0px|false|false&#8221; custom_padding_tablet=&#8221;15px|0px||0px|false|false&#8221; custom_padding_phone=&#8221;15px|0px||0px|false|false&#8221; custom_padding_last_edited=&#8221;on|desktop&#8221; custom_css_main_element=&#8221;display:flex;||flex-direction:column;||align-items:flex-end;&#8221; custom_css_toggle_title=&#8221;order:2;||padding-right:25px !important;&#8221; custom_css_toggle_content=&#8221;order:1;||padding:0;&#8221; border_width_all=&#8221;0px&#8221; locked=&#8221;off&#8221; global_colors_info=&#8221;{%22gcid-1ae503c5-09e6-47be-8567-a965910b1107%22:%91%22icon_color%22,%22title_text_color%22,%22open_icon_color%22%93}&#8221;]<\/p>\n<p><span>Sans investissements, il ne sera plus possible de profiter de pistes de ski exceptionnelles situ\u00e9es entre 2000m et 3000m d\u2019altitude. <\/span><\/p>\n<p><span>L\u2019hiver 2023-2024 le prouve avec des chiffres de fr\u00e9quentation largement sup\u00e9rieurs \u00e0 l\u2019hiver 2022-2023 (environ +15% pour l\u2019Espace Dent-Blanche). Les conditions de ski, malgr\u00e9 les temp\u00e9ratures \u00e9lev\u00e9es, sont rest\u00e9es parfaites du d\u00e9but de la saison \u00e0 ce jour<\/span><span> et le resteront jusqu\u2019\u00e0 la fin avril.<\/span><\/p>\n<p><span>Les projets <\/span><span>de renouvellement des remont\u00e9es m\u00e9caniques<\/span><span> de la commune d\u2019Evol\u00e8ne<\/span><a name=\"_GoBack\"><\/a><span> sont n\u00e9cessaires vu l\u2019anciennet\u00e9 de nos installations. <\/span><span>Remplacer le t\u00e9l\u00e9si\u00e8ge historique de <\/span><span>Chemeuille<\/span><span> <\/span><span>et r\u00e9nover le restaurant permettra de maintenir l\u2019activit\u00e9 hivernale mais \u00e9galement de renforcer l\u2019attractivit\u00e9 de la r\u00e9gion durant les 4 saisons.&#8221;<\/span><\/p>\n<p>[\/et_pb_toggle][\/et_pb_column][et_pb_column type=&#8221;1_3&#8243; _builder_version=&#8221;4.23.1&#8243; _module_preset=&#8221;default&#8221; global_colors_info=&#8221;{}&#8221;][et_pb_team_member name=&#8221;V\u00e9ronique Vuignier&#8221; position=&#8221;Patronne du Caf\u00e9-Restaurant Le Refuge&#8221; image_url=&#8221;https:\/\/projet-tele-evolene.ch\/wp-content\/uploads\/2024\/03\/veronique-vuignier.jpg&#8221; _builder_version=&#8221;4.23.1&#8243; _module_preset=&#8221;default&#8221; custom_margin=&#8221;||0px||false|false&#8221; global_colors_info=&#8221;{}&#8221;]<\/p>\n<p><span><\/span><\/p>\n<p>&#8220;Evol\u00e8ne est une jolie station touristique \u00e0 taille humaine qui a besoin de remont\u00e9es m\u00e9caniques modernis\u00e9es afin de permettre d\u2019am\u00e9liorer l\u2019offre touristique existante.<\/p>\n<p>[\/et_pb_team_member][et_pb_toggle title=&#8221;Voir&#8221; open_toggle_background_color=&#8221;RGBA(255,255,255,0)&#8221; closed_toggle_background_color=&#8221;RGBA(255,255,255,0)&#8221; icon_color=&#8221;gcid-1ae503c5-09e6-47be-8567-a965910b1107&#8243; toggle_icon=&#8221;&#x4c;||divi||400&#8243; open_icon_color=&#8221;gcid-1ae503c5-09e6-47be-8567-a965910b1107&#8243; open_toggle_icon=&#8221;&#x4b;||divi||400&#8243; _builder_version=&#8221;4.23.1&#8243; _module_preset=&#8221;default&#8221; title_text_color=&#8221;gcid-1ae503c5-09e6-47be-8567-a965910b1107&#8243; title_text_align=&#8221;right&#8221; custom_padding=&#8221;15px|0px||0px|false|false&#8221; custom_padding_tablet=&#8221;15px|0px||0px|false|false&#8221; custom_padding_phone=&#8221;15px|0px||0px|false|false&#8221; custom_padding_last_edited=&#8221;on|desktop&#8221; custom_css_main_element=&#8221;display:flex;||flex-direction:column;||align-items:flex-end;&#8221; custom_css_toggle_title=&#8221;order:2;||padding-right:25px !important;&#8221; custom_css_toggle_content=&#8221;order:1;||padding:0;&#8221; border_width_all=&#8221;0px&#8221; locked=&#8221;off&#8221; global_colors_info=&#8221;{%22gcid-1ae503c5-09e6-47be-8567-a965910b1107%22:%91%22icon_color%22,%22title_text_color%22,%22open_icon_color%22%93}&#8221;]<\/p>\n<p>Le Magic pass, dont notre domaine skiable en fait partie, nous offre la possibilit\u00e9 de nous faire conna\u00eetre et donc il est essentiel d\u2019avoir des installations de qualit\u00e9.<\/p>\n<p>En tant que commer\u00e7ante de la r\u00e9gion, je soutiens ce projet qui permettra de p\u00e9renniser l\u2019avenir de notre belle vall\u00e9e.&#8221;<\/p>\n<p>[\/et_pb_toggle][\/et_pb_column][\/et_pb_row][et_pb_row column_structure=&#8221;1_3,1_3,1_3&#8243; _builder_version=&#8221;4.23.1&#8243; _module_preset=&#8221;default&#8221; global_colors_info=&#8221;{}&#8221;][et_pb_column type=&#8221;1_3&#8243; _builder_version=&#8221;4.23.1&#8243; _module_preset=&#8221;default&#8221; global_colors_info=&#8221;{}&#8221;][et_pb_team_member name=&#8221;Gilles Sierro&#8221; position=&#8221;Guide de haute montagne&#8221; image_url=&#8221;https:\/\/projet-tele-evolene.ch\/wp-content\/uploads\/2024\/05\/Gilles-Sierro.jpg&#8221; _builder_version=&#8221;4.24.2&#8243; _module_preset=&#8221;default&#8221; custom_margin=&#8221;||0px||false|false&#8221; global_colors_info=&#8221;{}&#8221;]<\/p>\n<p><strong><\/strong><\/p>\n<p>&#8220;Moderniser en restant authentique&#8230;<\/p>\n<p>[\/et_pb_team_member][et_pb_toggle title=&#8221;Voir&#8221; open_toggle_background_color=&#8221;RGBA(255,255,255,0)&#8221; closed_toggle_background_color=&#8221;RGBA(255,255,255,0)&#8221; icon_color=&#8221;gcid-1ae503c5-09e6-47be-8567-a965910b1107&#8243; toggle_icon=&#8221;&#x4c;||divi||400&#8243; open_icon_color=&#8221;gcid-1ae503c5-09e6-47be-8567-a965910b1107&#8243; open_toggle_icon=&#8221;&#x4b;||divi||400&#8243; _builder_version=&#8221;4.24.2&#8243; _module_preset=&#8221;default&#8221; title_text_color=&#8221;gcid-1ae503c5-09e6-47be-8567-a965910b1107&#8243; title_text_align=&#8221;right&#8221; custom_padding=&#8221;15px|0px||0px|false|false&#8221; custom_padding_tablet=&#8221;15px|0px||0px|false|false&#8221; custom_padding_phone=&#8221;15px|0px||0px|false|false&#8221; custom_padding_last_edited=&#8221;on|desktop&#8221; custom_css_main_element=&#8221;display:flex;||flex-direction:column;||align-items:flex-end;&#8221; custom_css_toggle_title=&#8221;order:2;||padding-right:25px !important;&#8221; custom_css_toggle_content=&#8221;order:1;||padding:0;&#8221; border_width_all=&#8221;0px&#8221; locked=&#8221;off&#8221; global_colors_info=&#8221;{%22gcid-1ae503c5-09e6-47be-8567-a965910b1107%22:%91%22icon_color%22,%22title_text_color%22,%22open_icon_color%22%93}&#8221;]<\/p>\n<p>C est l\u00e0 la philosophie de tout le Val d&#8217;H\u00e9rens. <br \/>La nouvelle cabine permettrait de conserver un acc\u00e8s \u00e0 un terrain tant pist\u00e9 que de randonn\u00e9es de qualit\u00e9 et bien loin de l\u2019ambiance usine \u00e0 ski. <br \/>Un grand atout pour l&#8217;activit\u00e9 de guide, m\u00e9tier intimement li\u00e9 \u00e0 la vall\u00e9e.<span>&#8220;<\/span><\/p>\n<p>[\/et_pb_toggle][\/et_pb_column][et_pb_column type=&#8221;1_3&#8243; _builder_version=&#8221;4.23.1&#8243; _module_preset=&#8221;default&#8221; global_colors_info=&#8221;{}&#8221;][et_pb_team_member name=&#8221;Nathan Le Mauff&#8221; position=&#8221;Pr\u00e9sident de la Jeunesse d&#039;Evol\u00e8ne&#8221; image_url=&#8221;https:\/\/projet-tele-evolene.ch\/wp-content\/uploads\/2024\/02\/Nathan-Le-Mauff.jpg&#8221; _builder_version=&#8221;4.23.1&#8243; _module_preset=&#8221;default&#8221; custom_margin=&#8221;||0px||false|false&#8221; global_colors_info=&#8221;{}&#8221;]<\/p>\n<p><span><\/span><\/p>\n<p><span><\/span>&#8220;Le d\u00e9veloppement d&#8217;un p\u00f4le d&#8217;activit\u00e9s accessible durant les 4 saisons permettra d&#8217;offrir \u00e0 toutes les g\u00e9n\u00e9rations un lieu de rencontre situ\u00e9 dans un cadre magnifique !<\/p>\n<p>[\/et_pb_team_member][et_pb_toggle title=&#8221;Voir&#8221; open_toggle_background_color=&#8221;RGBA(255,255,255,0)&#8221; closed_toggle_background_color=&#8221;RGBA(255,255,255,0)&#8221; icon_color=&#8221;gcid-1ae503c5-09e6-47be-8567-a965910b1107&#8243; toggle_icon=&#8221;&#x4c;||divi||400&#8243; open_icon_color=&#8221;gcid-1ae503c5-09e6-47be-8567-a965910b1107&#8243; open_toggle_icon=&#8221;&#x4b;||divi||400&#8243; _builder_version=&#8221;4.23.1&#8243; _module_preset=&#8221;default&#8221; title_text_color=&#8221;gcid-1ae503c5-09e6-47be-8567-a965910b1107&#8243; title_text_align=&#8221;right&#8221; custom_padding=&#8221;15px|0px||0px|false|false&#8221; custom_padding_tablet=&#8221;15px|0px||0px|false|false&#8221; custom_padding_phone=&#8221;15px|0px||0px|false|false&#8221; custom_padding_last_edited=&#8221;on|desktop&#8221; custom_css_main_element=&#8221;display:flex;||flex-direction:column;||align-items:flex-end;&#8221; custom_css_toggle_title=&#8221;order:2;||padding-right:25px !important;&#8221; custom_css_toggle_content=&#8221;order:1;||padding:0;&#8221; border_width_all=&#8221;0px&#8221; locked=&#8221;off&#8221; global_colors_info=&#8221;{%22gcid-1ae503c5-09e6-47be-8567-a965910b1107%22:%91%22icon_color%22,%22title_text_color%22,%22open_icon_color%22%93}&#8221;]<\/p>\n<p>C&#8217;est une offre suppl\u00e9mentaire qui encouragera la jeunesse \u00e0 s&#8217;investir dans cette belle r\u00e9gion avec de nouveaux emplois \u00e0 la cl\u00e9.&#8221;<\/p>\n<p>[\/et_pb_toggle][\/et_pb_column][et_pb_column type=&#8221;1_3&#8243; _builder_version=&#8221;4.23.1&#8243; _module_preset=&#8221;default&#8221; global_colors_info=&#8221;{}&#8221;][et_pb_team_member name=&#8221;Romain Th\u00e9oduloz&#8221; position=&#8221;Membre direction Fournier Bois Compagnie&#8221; image_url=&#8221;https:\/\/projet-tele-evolene.ch\/wp-content\/uploads\/2024\/04\/romain-theoduloz.jpg&#8221; _builder_version=&#8221;4.24.2&#8243; _module_preset=&#8221;default&#8221; custom_margin=&#8221;||0px||false|false&#8221; global_colors_info=&#8221;{}&#8221;]<\/p>\n<p><span><\/span><\/p>\n<p><span><\/span>&#8220;<span>La r\u00e9alisation de ce projet sera un \u00e9l\u00e9ment d\u00e9terminant afin de maintenir l&#8217;\u00e9conomie locale tout en \u00e9vitant de faire de ce coin de paradis une cit\u00e9 dortoir.<\/span><\/p>\n<p>[\/et_pb_team_member][et_pb_toggle title=&#8221;Voir&#8221; open_toggle_background_color=&#8221;RGBA(255,255,255,0)&#8221; closed_toggle_background_color=&#8221;RGBA(255,255,255,0)&#8221; icon_color=&#8221;gcid-1ae503c5-09e6-47be-8567-a965910b1107&#8243; toggle_icon=&#8221;&#x4c;||divi||400&#8243; open_icon_color=&#8221;gcid-1ae503c5-09e6-47be-8567-a965910b1107&#8243; open_toggle_icon=&#8221;&#x4b;||divi||400&#8243; _builder_version=&#8221;4.24.2&#8243; _module_preset=&#8221;default&#8221; title_text_color=&#8221;gcid-1ae503c5-09e6-47be-8567-a965910b1107&#8243; title_text_align=&#8221;right&#8221; custom_padding=&#8221;15px|0px||0px|false|false&#8221; custom_padding_tablet=&#8221;15px|0px||0px|false|false&#8221; custom_padding_phone=&#8221;15px|0px||0px|false|false&#8221; custom_padding_last_edited=&#8221;on|desktop&#8221; custom_css_main_element=&#8221;display:flex;||flex-direction:column;||align-items:flex-end;&#8221; custom_css_toggle_title=&#8221;order:2;||padding-right:25px !important;&#8221; custom_css_toggle_content=&#8221;order:1;||padding:0;&#8221; border_width_all=&#8221;0px&#8221; locked=&#8221;off&#8221; global_colors_info=&#8221;{%22gcid-1ae503c5-09e6-47be-8567-a965910b1107%22:%91%22icon_color%22,%22title_text_color%22,%22open_icon_color%22%93}&#8221;]<\/p>\n<p><span>P\u00e9rennisons ce que nous avons tout en ouvrant de nouvelles perspectives aux g\u00e9n\u00e9rations futures!<\/span><\/p>\n<p>[\/et_pb_toggle][\/et_pb_column][\/et_pb_row][et_pb_row column_structure=&#8221;1_3,1_3,1_3&#8243; _builder_version=&#8221;4.23.1&#8243; _module_preset=&#8221;default&#8221; global_colors_info=&#8221;{}&#8221;][et_pb_column type=&#8221;1_3&#8243; _builder_version=&#8221;4.23.1&#8243; _module_preset=&#8221;default&#8221; global_colors_info=&#8221;{}&#8221;][et_pb_team_member name=&#8221;Christophe Jeanpr\u00eatre&#8221; position=&#8221;Ind\u00e9pendant&#8221; image_url=&#8221;https:\/\/projet-tele-evolene.ch\/wp-content\/uploads\/2024\/02\/Christophe-Jeanpretre.jpg&#8221; _builder_version=&#8221;4.23.1&#8243; _module_preset=&#8221;default&#8221; global_colors_info=&#8221;{}&#8221;]<\/p>\n<p><strong><\/strong><\/p>\n<p>&#8220;Regarder vers l&#8217;avenir avec s\u00e9r\u00e9nit\u00e9. <span>Tout simplement une logique \u00e9conomique \u00e9vidente pour le tourisme, l&#8217;\u00e9conomie locale et le bien-\u00eatre de toutes et tous, r\u00e9sidents, touristes, villageois, touristes de passage&#8230;&#8221;<\/span><\/p>\n<p>[\/et_pb_team_member][\/et_pb_column][et_pb_column type=&#8221;1_3&#8243; _builder_version=&#8221;4.23.1&#8243; _module_preset=&#8221;default&#8221; global_colors_info=&#8221;{}&#8221;][et_pb_team_member name=&#8221;Pascal Fauch\u00e8re&#8221; position=&#8221;Journaliste&#8221; image_url=&#8221;https:\/\/projet-tele-evolene.ch\/wp-content\/uploads\/2024\/03\/Pascal-Fauchere.jpg&#8221; _builder_version=&#8221;4.23.1&#8243; _module_preset=&#8221;default&#8221; custom_margin=&#8221;||0px||false|false&#8221; global_colors_info=&#8221;{}&#8221;]<\/p>\n<p>&#8220;L\u2019exemplarit\u00e9 de ce projet r\u00e9side dans une exploitation mesur\u00e9e de l\u2019espace alpin. Ce territoire constitue pour nous, population locale, une dynamique structurante d\u2019identit\u00e9 et pour vous, h\u00f4tes et amis, une opportunit\u00e9 ind\u00e9passable de ressourcement.&#8221;<\/p>\n<p>[\/et_pb_team_member][\/et_pb_column][et_pb_column type=&#8221;1_3&#8243; _builder_version=&#8221;4.23.1&#8243; _module_preset=&#8221;default&#8221; global_colors_info=&#8221;{}&#8221;][\/et_pb_column][\/et_pb_row][et_pb_row _builder_version=&#8221;4.23.1&#8243; _module_preset=&#8221;default&#8221; global_colors_info=&#8221;{}&#8221;][et_pb_column type=&#8221;4_4&#8243; _builder_version=&#8221;4.23.1&#8243; _module_preset=&#8221;default&#8221; global_colors_info=&#8221;{}&#8221;][et_pb_text _builder_version=&#8221;4.23.1&#8243; _module_preset=&#8221;default&#8221; global_colors_info=&#8221;{}&#8221;][\/et_pb_text][\/et_pb_column][\/et_pb_row][et_pb_row _builder_version=&#8221;4.23.1&#8243; _module_preset=&#8221;default&#8221; global_colors_info=&#8221;{}&#8221;][et_pb_column type=&#8221;4_4&#8243; _builder_version=&#8221;4.23.1&#8243; _module_preset=&#8221;default&#8221; global_colors_info=&#8221;{}&#8221;][et_pb_text _builder_version=&#8221;4.23.1&#8243; _dynamic_attributes=&#8221;link_option_url&#8221; _module_preset=&#8221;default&#8221; link_option_url=&#8221;@ET-DC@eyJkeW5hbWljIjp0cnVlLCJjb250ZW50IjoicG9zdF9saW5rX3VybF9wYWdlIiwic2V0dGluZ3MiOnsicG9zdF9pZCI6IjI5MjI4In19@&#8221; global_colors_info=&#8221;{}&#8221;]<\/p>\n<p style=\"text-align: center;\">Vous souhaitez aussi devenir une ambassadrice ou un ambassadeur de ce projet ?<\/p>\n<p style=\"text-align: center;\"><a href=\"https:\/\/projet-tele-evolene.ch\/en\/chemeuille-ambassadors\/\" target=\"_blank\" rel=\"noopener\">Transmettez-nous votre message ici !<\/a><\/p>\n<p>&nbsp;<\/p>\n<p>[\/et_pb_text][\/et_pb_column][\/et_pb_row][\/et_pb_section][et_pb_section fb_built=&#8221;1&#8243; disabled_on=&#8221;on|on|on&#8221; _builder_version=&#8221;4.23.1&#8243; _module_preset=&#8221;default&#8221; disabled=&#8221;on&#8221; global_colors_info=&#8221;{}&#8221;][et_pb_row column_structure=&#8221;1_3,1_3,1_3&#8243; _builder_version=&#8221;4.23.1&#8243; _module_preset=&#8221;default&#8221; global_colors_info=&#8221;{}&#8221;][et_pb_column type=&#8221;1_3&#8243; _builder_version=&#8221;4.23.1&#8243; _module_preset=&#8221;default&#8221; global_colors_info=&#8221;{}&#8221;][et_pb_team_member name=&#8221;Aude Gessler&#8221; position=&#8221;Pr\u00e9sidente de la jeune Chambre de Suisse&#8221; image_url=&#8221;https:\/\/projet-tele-evolene.ch\/wp-content\/uploads\/2023\/12\/Aude-Gessler.jpg&#8221; _builder_version=&#8221;4.23.1&#8243; _module_preset=&#8221;default&#8221; global_colors_info=&#8221;{}&#8221;]<\/p>\n<p>Mot de Aude<\/p>\n<p>[\/et_pb_team_member][\/et_pb_column][et_pb_column type=&#8221;1_3&#8243; _builder_version=&#8221;4.23.1&#8243; _module_preset=&#8221;default&#8221; global_colors_info=&#8221;{}&#8221;][et_pb_team_member name=&#8221;Pascal Vuignier&#8221; position=&#8221;Pr\u00e9sident de la F\u00e9d\u00e9ration valaisanne des soci\u00e9t\u00e9s de chasse&#8221; image_url=&#8221;https:\/\/projet-tele-evolene.ch\/wp-content\/uploads\/2023\/12\/Pascal-Vuignier.jpg&#8221; _builder_version=&#8221;4.23.1&#8243; _module_preset=&#8221;default&#8221; global_colors_info=&#8221;{}&#8221;]<\/p>\n<p>Mot de Pascal<\/p>\n<p>[\/et_pb_team_member][\/et_pb_column][et_pb_column type=&#8221;1_3&#8243; _builder_version=&#8221;4.23.1&#8243; _module_preset=&#8221;default&#8221; global_colors_info=&#8221;{}&#8221;][et_pb_team_member name=&#8221;Mathias Delaloye&#8221; position=&#8221;Pr\u00e9sident du grand conseil Valaisan&#8221; image_url=&#8221;https:\/\/projet-tele-evolene.ch\/wp-content\/uploads\/2023\/12\/Mathias-Delaloye.jpg&#8221; _builder_version=&#8221;4.23.1&#8243; _module_preset=&#8221;default&#8221; global_colors_info=&#8221;{}&#8221;]<\/p>\n<p>Mot de Mathias<\/p>\n<p>[\/et_pb_team_member][\/et_pb_column][\/et_pb_row][et_pb_row column_structure=&#8221;1_3,1_3,1_3&#8243; _builder_version=&#8221;4.23.1&#8243; _module_preset=&#8221;default&#8221; global_colors_info=&#8221;{}&#8221;][et_pb_column type=&#8221;1_3&#8243; _builder_version=&#8221;4.23.1&#8243; _module_preset=&#8221;default&#8221; global_colors_info=&#8221;{}&#8221;][et_pb_team_member name=&#8221;Didier D\u00e9fago&#8221; position=&#8221;Pr\u00e9sident des remont\u00e9es m\u00e9caniques du Valais&#8221; image_url=&#8221;https:\/\/projet-tele-evolene.ch\/wp-content\/uploads\/2023\/12\/Didier-Defago.jpg&#8221; _builder_version=&#8221;4.23.1&#8243; _module_preset=&#8221;default&#8221; global_colors_info=&#8221;{}&#8221;]<\/p>\n<p>Mot de Didier<\/p>\n<p>[\/et_pb_team_member][\/et_pb_column][et_pb_column type=&#8221;1_3&#8243; _builder_version=&#8221;4.23.1&#8243; _module_preset=&#8221;default&#8221; global_colors_info=&#8221;{}&#8221;][et_pb_team_member name=&#8221;Damien M\u00e9trailler&#8221; position=&#8221;Ancien pr\u00e9sident d&#039;Evol\u00e8ne et directeur g\u00e9n\u00e9ral de l\u2019Orif&#8221; image_url=&#8221;https:\/\/projet-tele-evolene.ch\/wp-content\/uploads\/2023\/12\/Damien-Metrailler.jpg&#8221; _builder_version=&#8221;4.23.1&#8243; _module_preset=&#8221;default&#8221; global_colors_info=&#8221;{}&#8221;]<\/p>\n<p>Mot de Damien<\/p>\n<p>[\/et_pb_team_member][\/et_pb_column][et_pb_column type=&#8221;1_3&#8243; _builder_version=&#8221;4.23.1&#8243; _module_preset=&#8221;default&#8221; global_colors_info=&#8221;{}&#8221;][et_pb_team_member name=&#8221;Christophe Darbellay&#8221; position=&#8221;Pr\u00e9sident du conseil d&#039;Etat et Chef du D\u00e9partement de l\u2019\u00e9conomie et de la formation&#8221; image_url=&#8221;https:\/\/projet-tele-evolene.ch\/wp-content\/uploads\/2023\/12\/Christophe-Darbellay.jpg&#8221; _builder_version=&#8221;4.23.1&#8243; _module_preset=&#8221;default&#8221; global_colors_info=&#8221;{}&#8221;]<\/p>\n<p>Mot de Christophe<\/p>\n<p>[\/et_pb_team_member][\/et_pb_column][\/et_pb_row][et_pb_row column_structure=&#8221;1_3,1_3,1_3&#8243; _builder_version=&#8221;4.23.1&#8243; _module_preset=&#8221;default&#8221; global_colors_info=&#8221;{}&#8221;][et_pb_column type=&#8221;1_3&#8243; _builder_version=&#8221;4.23.1&#8243; _module_preset=&#8221;default&#8221; global_colors_info=&#8221;{}&#8221;][et_pb_team_member name=&#8221;Pierre- Henri Pralong&#8221; position=&#8221;Ancien pr\u00e9sident d&#039;Evol\u00e8ne et commer\u00e7ant dans la r\u00e9gion d&#039;Evol\u00e8ne&#8221; image_url=&#8221;https:\/\/projet-tele-evolene.ch\/wp-content\/uploads\/2023\/12\/cropped-Logo-Web.jpg&#8221; _builder_version=&#8221;4.23.1&#8243; _module_preset=&#8221;default&#8221; global_colors_info=&#8221;{}&#8221;]<\/p>\n<p>Mot de Pierre-Henri<\/p>\n<p>[\/et_pb_team_member][\/et_pb_column][et_pb_column type=&#8221;1_3&#8243; _builder_version=&#8221;4.23.1&#8243; _module_preset=&#8221;default&#8221; global_colors_info=&#8221;{}&#8221;][et_pb_team_member name=&#8221;Xavier Rieder&#8221; position=&#8221;Pr\u00e9sident de l&#039;association de la maison des Reines&#8221; image_url=&#8221;https:\/\/projet-tele-evolene.ch\/wp-content\/uploads\/2023\/12\/cropped-Logo-Web.jpg&#8221; _builder_version=&#8221;4.23.1&#8243; _module_preset=&#8221;default&#8221; global_colors_info=&#8221;{}&#8221;]<\/p>\n<p>Mot de Xavier<\/p>\n<p>[\/et_pb_team_member][\/et_pb_column][et_pb_column type=&#8221;1_3&#8243; _builder_version=&#8221;4.23.1&#8243; _module_preset=&#8221;default&#8221; global_colors_info=&#8221;{}&#8221;][et_pb_team_member name=&#8221;Patrick Sierro&#8221; position=&#8221;Vice-pr\u00e9sident de la commune d&#039;Evol\u00e8ne&#8221; image_url=&#8221;https:\/\/projet-tele-evolene.ch\/wp-content\/uploads\/2023\/12\/Patrick-Sierro.jpg&#8221; _builder_version=&#8221;4.23.1&#8243; _module_preset=&#8221;default&#8221; global_colors_info=&#8221;{}&#8221;]<\/p>\n<p>Mot de Patrick<\/p>\n<p>&nbsp;<\/p>\n<p>[\/et_pb_team_member][\/et_pb_column][\/et_pb_row][et_pb_row column_structure=&#8221;1_3,1_3,1_3&#8243; _builder_version=&#8221;4.23.1&#8243; _module_preset=&#8221;default&#8221; global_colors_info=&#8221;{}&#8221;][et_pb_column type=&#8221;1_3&#8243; _builder_version=&#8221;4.23.1&#8243; _module_preset=&#8221;default&#8221; global_colors_info=&#8221;{}&#8221;][et_pb_team_member name=&#8221;Patrick Quinodoz&#8221; position=&#8221;Conseiller communal d&#039;Evol\u00e8ne&#8221; image_url=&#8221;https:\/\/projet-tele-evolene.ch\/wp-content\/uploads\/2023\/12\/Patrick-Quinodoz.jpg&#8221; _builder_version=&#8221;4.23.1&#8243; _module_preset=&#8221;default&#8221; global_colors_info=&#8221;{}&#8221;]<\/p>\n<p>Mot de Patrick<\/p>\n<p>[\/et_pb_team_member][\/et_pb_column][et_pb_column type=&#8221;1_3&#8243; _builder_version=&#8221;4.23.1&#8243; _module_preset=&#8221;default&#8221; global_colors_info=&#8221;{}&#8221;][et_pb_team_member name=&#8221;Lambert Wilson&#8221; position=&#8221;Acteur et metteur en sc\u00e8ne&#8221; image_url=&#8221;https:\/\/projet-tele-evolene.ch\/wp-content\/uploads\/2023\/12\/Lambert-Wilson.jpg&#8221; _builder_version=&#8221;4.23.1&#8243; _module_preset=&#8221;default&#8221; global_colors_info=&#8221;{}&#8221;]<\/p>\n<p>Mot de Lambert<\/p>\n<p>[\/et_pb_team_member][\/et_pb_column][et_pb_column type=&#8221;1_3&#8243; _builder_version=&#8221;4.23.1&#8243; _module_preset=&#8221;default&#8221; global_colors_info=&#8221;{}&#8221;][et_pb_team_member name=&#8221;C\u00e9dric Fauch\u00e8re&#8221; position=&#8221;Conseiller communal d&#039;Evol\u00e8ne&#8221; image_url=&#8221;https:\/\/projet-tele-evolene.ch\/wp-content\/uploads\/2023\/12\/Cedric-Fauchere.jpg&#8221; _builder_version=&#8221;4.23.1&#8243; _module_preset=&#8221;default&#8221; global_colors_info=&#8221;{}&#8221;]<\/p>\n<p>Mot de C\u00e9dric<\/p>\n<p>[\/et_pb_team_member][\/et_pb_column][\/et_pb_row][\/et_pb_section]<\/p>\n","protected":false},"excerpt":{"rendered":"<p>They support the project&#8230; &#8230;and explain why! &#8220;Ce projet est une opportunit\u00e9 de d\u00e9velopper une approche 4 saisons dans un domaine d\u00e9j\u00e0 d\u00e9volu au tourisme.C\u2019est une belle offre qui permet aussi aux personnes \u00e0 mobilit\u00e9 r\u00e9duite d\u2019avoir acc\u00e8s \u00e0 la montagne. Et finalement c\u2019est un projet qui est compl\u00e9mentaire aux autres offres de l\u2019Espace Dent [&hellip;]<\/p>\n","protected":false},"author":1,"featured_media":0,"parent":0,"menu_order":0,"comment_status":"closed","ping_status":"closed","template":"","meta":{"_et_pb_use_builder":"on","_et_pb_old_content":"","_et_gb_content_width":"","footnotes":""},"dipi_cpt_category":[],"class_list":["post-23813423","page","type-page","status-publish","hentry"],"yoast_head":"<!-- This site is optimized with the Yoast SEO plugin v22.3 - https:\/\/yoast.com\/wordpress\/plugins\/seo\/ -->\n<title>They support the project - T\u00e9l\u00e9-Evol\u00e8ne Vision 360<\/title>\n<meta name=\"robots\" content=\"index, follow, max-snippet:-1, max-image-preview:large, max-video-preview:-1\" \/>\n<link rel=\"canonical\" href=\"https:\/\/projet-tele-evolene.ch\/en\/they-support-the-project\/\" \/>\n<meta property=\"og:locale\" content=\"en_US\" \/>\n<meta property=\"og:type\" content=\"article\" \/>\n<meta property=\"og:title\" content=\"They support the project - T\u00e9l\u00e9-Evol\u00e8ne Vision 360\" \/>\n<meta property=\"og:description\" content=\"They support the project... ...and explain why! &quot;Ce projet est une opportunit\u00e9 de d\u00e9velopper une approche 4 saisons dans un domaine d\u00e9j\u00e0 d\u00e9volu au tourisme.C\u2019est une belle offre qui permet aussi aux personnes \u00e0 mobilit\u00e9 r\u00e9duite d\u2019avoir acc\u00e8s \u00e0 la montagne. Et finalement c\u2019est un projet qui est compl\u00e9mentaire aux autres offres de l\u2019Espace Dent [&hellip;]\" \/>\n<meta property=\"og:url\" content=\"https:\/\/projet-tele-evolene.ch\/en\/they-support-the-project\/\" \/>\n<meta property=\"og:site_name\" content=\"T\u00e9l\u00e9-Evol\u00e8ne Vision 360\" \/>\n<meta property=\"article:modified_time\" content=\"2024-06-05T12:29:14+00:00\" \/>\n<meta name=\"twitter:card\" content=\"summary_large_image\" \/>\n<meta name=\"twitter:label1\" content=\"Est. reading time\" \/>\n\t<meta name=\"twitter:data1\" content=\"39 minutes\" \/>\n<script type=\"application\/ld+json\" class=\"yoast-schema-graph\">{\"@context\":\"https:\/\/schema.org\",\"@graph\":[{\"@type\":\"WebPage\",\"@id\":\"https:\/\/projet-tele-evolene.ch\/en\/they-support-the-project\/\",\"url\":\"https:\/\/projet-tele-evolene.ch\/en\/they-support-the-project\/\",\"name\":\"They support the project - T\u00e9l\u00e9-Evol\u00e8ne Vision 360\",\"isPartOf\":{\"@id\":\"https:\/\/projet-tele-evolene.ch\/#website\"},\"datePublished\":\"2023-12-27T08:21:17+00:00\",\"dateModified\":\"2024-06-05T12:29:14+00:00\",\"breadcrumb\":{\"@id\":\"https:\/\/projet-tele-evolene.ch\/en\/they-support-the-project\/#breadcrumb\"},\"inLanguage\":\"en-US\",\"potentialAction\":[{\"@type\":\"ReadAction\",\"target\":[\"https:\/\/projet-tele-evolene.ch\/en\/they-support-the-project\/\"]}]},{\"@type\":\"BreadcrumbList\",\"@id\":\"https:\/\/projet-tele-evolene.ch\/en\/they-support-the-project\/#breadcrumb\",\"itemListElement\":[{\"@type\":\"ListItem\",\"position\":1,\"name\":\"Accueil\",\"item\":\"https:\/\/projet-tele-evolene.ch\/en\/\"},{\"@type\":\"ListItem\",\"position\":2,\"name\":\"They support the project\"}]},{\"@type\":\"WebSite\",\"@id\":\"https:\/\/projet-tele-evolene.ch\/#website\",\"url\":\"https:\/\/projet-tele-evolene.ch\/\",\"name\":\"Le Projet T\u00e9l\u00e9 Evol\u00e8ne, un avenir 4 saisons \u00e0 Chemeuille\",\"description\":\"\",\"publisher\":{\"@id\":\"https:\/\/projet-tele-evolene.ch\/#organization\"},\"alternateName\":\"Projet T\u00e9l\u00e9 Evol\u00e8ne\",\"potentialAction\":[{\"@type\":\"SearchAction\",\"target\":{\"@type\":\"EntryPoint\",\"urlTemplate\":\"https:\/\/projet-tele-evolene.ch\/?s={search_term_string}\"},\"query-input\":\"required name=search_term_string\"}],\"inLanguage\":\"en-US\"},{\"@type\":\"Organization\",\"@id\":\"https:\/\/projet-tele-evolene.ch\/#organization\",\"name\":\"T\u00e9l\u00e9-Evol\u00e8ne Vision 360\",\"url\":\"https:\/\/projet-tele-evolene.ch\/\",\"logo\":{\"@type\":\"ImageObject\",\"inLanguage\":\"en-US\",\"@id\":\"https:\/\/projet-tele-evolene.ch\/#\/schema\/logo\/image\/\",\"url\":\"https:\/\/projet-tele-evolene.ch\/wp-content\/uploads\/2023\/12\/cropped-Logo-Web.jpg\",\"contentUrl\":\"https:\/\/projet-tele-evolene.ch\/wp-content\/uploads\/2023\/12\/cropped-Logo-Web.jpg\",\"width\":512,\"height\":512,\"caption\":\"T\u00e9l\u00e9-Evol\u00e8ne Vision 360\"},\"image\":{\"@id\":\"https:\/\/projet-tele-evolene.ch\/#\/schema\/logo\/image\/\"}}]}<\/script>\n<!-- \/ Yoast SEO plugin. -->","yoast_head_json":{"title":"They support the project - T\u00e9l\u00e9-Evol\u00e8ne Vision 360","robots":{"index":"index","follow":"follow","max-snippet":"max-snippet:-1","max-image-preview":"max-image-preview:large","max-video-preview":"max-video-preview:-1"},"canonical":"https:\/\/projet-tele-evolene.ch\/en\/they-support-the-project\/","og_locale":"en_US","og_type":"article","og_title":"They support the project - T\u00e9l\u00e9-Evol\u00e8ne Vision 360","og_description":"They support the project... ...and explain why! \"Ce projet est une opportunit\u00e9 de d\u00e9velopper une approche 4 saisons dans un domaine d\u00e9j\u00e0 d\u00e9volu au tourisme.C\u2019est une belle offre qui permet aussi aux personnes \u00e0 mobilit\u00e9 r\u00e9duite d\u2019avoir acc\u00e8s \u00e0 la montagne. Et finalement c\u2019est un projet qui est compl\u00e9mentaire aux autres offres de l\u2019Espace Dent [&hellip;]","og_url":"https:\/\/projet-tele-evolene.ch\/en\/they-support-the-project\/","og_site_name":"T\u00e9l\u00e9-Evol\u00e8ne Vision 360","article_modified_time":"2024-06-05T12:29:14+00:00","twitter_card":"summary_large_image","twitter_misc":{"Est. reading time":"39 minutes"},"schema":{"@context":"https:\/\/schema.org","@graph":[{"@type":"WebPage","@id":"https:\/\/projet-tele-evolene.ch\/en\/they-support-the-project\/","url":"https:\/\/projet-tele-evolene.ch\/en\/they-support-the-project\/","name":"They support the project - T\u00e9l\u00e9-Evol\u00e8ne Vision 360","isPartOf":{"@id":"https:\/\/projet-tele-evolene.ch\/#website"},"datePublished":"2023-12-27T08:21:17+00:00","dateModified":"2024-06-05T12:29:14+00:00","breadcrumb":{"@id":"https:\/\/projet-tele-evolene.ch\/en\/they-support-the-project\/#breadcrumb"},"inLanguage":"en-US","potentialAction":[{"@type":"ReadAction","target":["https:\/\/projet-tele-evolene.ch\/en\/they-support-the-project\/"]}]},{"@type":"BreadcrumbList","@id":"https:\/\/projet-tele-evolene.ch\/en\/they-support-the-project\/#breadcrumb","itemListElement":[{"@type":"ListItem","position":1,"name":"Accueil","item":"https:\/\/projet-tele-evolene.ch\/en\/"},{"@type":"ListItem","position":2,"name":"They support the project"}]},{"@type":"WebSite","@id":"https:\/\/projet-tele-evolene.ch\/#website","url":"https:\/\/projet-tele-evolene.ch\/","name":"Le Projet T\u00e9l\u00e9 Evol\u00e8ne, un avenir 4 saisons \u00e0 Chemeuille","description":"","publisher":{"@id":"https:\/\/projet-tele-evolene.ch\/#organization"},"alternateName":"Projet T\u00e9l\u00e9 Evol\u00e8ne","potentialAction":[{"@type":"SearchAction","target":{"@type":"EntryPoint","urlTemplate":"https:\/\/projet-tele-evolene.ch\/?s={search_term_string}"},"query-input":"required name=search_term_string"}],"inLanguage":"en-US"},{"@type":"Organization","@id":"https:\/\/projet-tele-evolene.ch\/#organization","name":"T\u00e9l\u00e9-Evol\u00e8ne Vision 360","url":"https:\/\/projet-tele-evolene.ch\/","logo":{"@type":"ImageObject","inLanguage":"en-US","@id":"https:\/\/projet-tele-evolene.ch\/#\/schema\/logo\/image\/","url":"https:\/\/projet-tele-evolene.ch\/wp-content\/uploads\/2023\/12\/cropped-Logo-Web.jpg","contentUrl":"https:\/\/projet-tele-evolene.ch\/wp-content\/uploads\/2023\/12\/cropped-Logo-Web.jpg","width":512,"height":512,"caption":"T\u00e9l\u00e9-Evol\u00e8ne Vision 360"},"image":{"@id":"https:\/\/projet-tele-evolene.ch\/#\/schema\/logo\/image\/"}}]}},"_links":{"self":[{"href":"https:\/\/projet-tele-evolene.ch\/en\/wp-json\/wp\/v2\/pages\/23813423","targetHints":{"allow":["GET"]}}],"collection":[{"href":"https:\/\/projet-tele-evolene.ch\/en\/wp-json\/wp\/v2\/pages"}],"about":[{"href":"https:\/\/projet-tele-evolene.ch\/en\/wp-json\/wp\/v2\/types\/page"}],"author":[{"embeddable":true,"href":"https:\/\/projet-tele-evolene.ch\/en\/wp-json\/wp\/v2\/users\/1"}],"replies":[{"embeddable":true,"href":"https:\/\/projet-tele-evolene.ch\/en\/wp-json\/wp\/v2\/comments?post=23813423"}],"version-history":[{"count":4,"href":"https:\/\/projet-tele-evolene.ch\/en\/wp-json\/wp\/v2\/pages\/23813423\/revisions"}],"predecessor-version":[{"id":23813594,"href":"https:\/\/projet-tele-evolene.ch\/en\/wp-json\/wp\/v2\/pages\/23813423\/revisions\/23813594"}],"wp:attachment":[{"href":"https:\/\/projet-tele-evolene.ch\/en\/wp-json\/wp\/v2\/media?parent=23813423"}],"wp:term":[{"taxonomy":"dipi_cpt_category","embeddable":true,"href":"https:\/\/projet-tele-evolene.ch\/en\/wp-json\/wp\/v2\/dipi_cpt_category?post=23813423"}],"curies":[{"name":"wp","href":"https:\/\/api.w.org\/{rel}","templated":true}]}}