{"id":23813420,"date":"2024-01-12T19:02:01","date_gmt":"2024-01-12T18:02:01","guid":{"rendered":"https:\/\/projet-tele-evolene.ch\/faq\/"},"modified":"2024-04-03T14:07:13","modified_gmt":"2024-04-03T12:07:13","slug":"faq","status":"publish","type":"page","link":"https:\/\/projet-tele-evolene.ch\/en\/faq\/","title":{"rendered":"FAQ"},"content":{"rendered":"<p>[et_pb_section fb_built=&#8221;1&#8243; _builder_version=&#8221;4.23.1&#8243; _module_preset=&#8221;default&#8221; global_colors_info=&#8221;{}&#8221;][et_pb_row _builder_version=&#8221;4.23.1&#8243; _module_preset=&#8221;default&#8221; locked=&#8221;off&#8221; global_colors_info=&#8221;{}&#8221;][et_pb_column type=&#8221;4_4&#8243; _builder_version=&#8221;4.23.1&#8243; _module_preset=&#8221;default&#8221; global_colors_info=&#8221;{}&#8221;][et_pb_text _builder_version=&#8221;4.23.1&#8243; _module_preset=&#8221;default&#8221; custom_padding=&#8221;|20px||20px|false|false&#8221; header_font_size_tablet=&#8221;25px&#8221; header_font_size_phone=&#8221;20px&#8221; header_font_size_last_edited=&#8221;on|phone&#8221; border_width_left=&#8221;6px&#8221; border_color_left=&#8221;gcid-1ae503c5-09e6-47be-8567-a965910b1107&#8243; global_colors_info=&#8221;{%22gcid-1ae503c5-09e6-47be-8567-a965910b1107%22:%91%22border_color_left%22%93}&#8221;]<\/p>\n<h1><span>Answers for everything<br \/><\/span><\/h1>\n<p>[\/et_pb_text][et_pb_text _builder_version=&#8221;4.23.1&#8243; _module_preset=&#8221;default&#8221; global_colors_info=&#8221;{}&#8221;]<\/p>\n<p><span>Explore our detailed Frequently Asked Questions for clarification on key aspects of our project. <\/span><span>We&#8217;ve compiled precise, informative answers to the most frequently asked questions.<br \/><\/span><\/p>\n<p>[\/et_pb_text][\/et_pb_column][\/et_pb_row][et_pb_row column_structure=&#8221;1_2,1_2&#8243; _builder_version=&#8221;4.23.1&#8243; _module_preset=&#8221;default&#8221; global_colors_info=&#8221;{}&#8221;][et_pb_column type=&#8221;1_2&#8243; _builder_version=&#8221;4.23.1&#8243; _module_preset=&#8221;default&#8221; global_colors_info=&#8221;{}&#8221;][et_pb_accordion open_toggle_text_color=&#8221;#ce5600&#8243; open_toggle_background_color=&#8221;RGBA(255,255,255,0)&#8221; closed_toggle_text_color=&#8221;#000000&#8243; closed_toggle_background_color=&#8221;RGBA(255,255,255,0)&#8221; toggle_icon=&#8221;&#xe044;||divi||400&#8243; icon_color=&#8221;#ce5600&#8243; _builder_version=&#8221;4.23.1&#8243; _module_preset=&#8221;default&#8221; toggle_font=&#8221;Open Sans||||||||&#8221; closed_toggle_font=&#8221;Open Sans||||||||&#8221; closed_toggle_font_size=&#8221;14px&#8221; closed_toggle_line_height=&#8221;1.8em&#8221; custom_css_toggle=&#8221;margin-bottom:-1px !important;||padding:30px 0;&#8221; border_color_all=&#8221;RGBA(255,255,255,0)&#8221; border_color_top=&#8221;rgba(206,86,0,0.23)&#8221; border_color_bottom=&#8221;rgba(206,86,0,0.23)&#8221; global_colors_info=&#8221;{%22gcid-1ae503c5-09e6-47be-8567-a965910b1107%22:%91%22icon_color%22,%22open_toggle_text_color%22%93,%22gcid-a1007b76-ba23-4632-babf-02b109344fda%22:%91%22border_color_top%22,%22border_color_bottom%22%93}&#8221;][et_pb_accordion_item title=&#8221;blank&#8221; _builder_version=&#8221;4.23.1&#8243; _module_preset=&#8221;default&#8221; custom_css_main_element=&#8221;display:none;&#8221; global_colors_info=&#8221;{}&#8221; open=&#8221;off&#8221;][\/et_pb_accordion_item][et_pb_accordion_item title=&#8221;What is the current status of the project? Is there still opposition?&#8221; _builder_version=&#8221;4.23.1&#8243; _module_preset=&#8221;default&#8221; global_colors_info=&#8221;{}&#8221; open=&#8221;off&#8221;]<\/p>\n<p>Following the application for permission to build the gondola, 2 objections were lodged by the WWF and the Swiss Foundation for Landscape Conservation.<\/p>\n<p>One of the reasons for the objection is that the current departure area for the chairlift (and future departure area for the gondola lift) is located outside the &#8220;skiable area&#8221; according to the current zoning plan for the commune of Evol\u00e8ne. A matter of a few meters.<\/p>\n<p>The commune then put a modification to this plan out to public inquiry, and also faced two objections from the same associations.<\/p>\n<p>The arguments of these two associations are :<\/p>\n<ul>\n<li>No economic justification for the project (the business plan shows otherwise)<\/li>\n<li>No planning (estate planning has since been completed).<\/li>\n<li>Damage to nature and landscape (reduced impact by reducing the number of towers and removing cabins from use)<\/li>\n<li>The ski area is in avalanche danger zone (gondola arrival moved out of danger zone (downstream of restaurant)).<\/li>\n<\/ul>\n<p>These arguments don&#8217;t hold water, and are simply intended to cause the estate to close by delaying the implementation of the project. They make this clear in their opposition, in which they call on the commune to &#8220;close the Evol\u00e8ne and La Forclaz domains, and concentrate on the Arolla domain by creating a cable link between Les Haud\u00e8res and Arolla&#8221;. This is impossible, as the project for a link between Les Haud\u00e8res and Arolla has been abandoned by the canton, and the massive development of Arolla is also subject to the same risk of opposition.<\/p>\n<p>The other concrete requests of the opponents are :<\/p>\n<ul>\n<li>Study alternatives to winter tourism<\/li>\n<li>Describe the facilities needed to develop 4-season tourism<\/li>\n<li><strong>To secure a financial footing for the project and demonstrate the popular will to safeguard this link between Lannaz and Chemeuille.<\/strong><\/li>\n<\/ul>\n<p>It is on these three elements that the Board of Directors is currently working, and in particular on the recapitalization that will enable us to demonstrate both the financial soundness of the project and popular and municipal support.<\/p>\n<p>[\/et_pb_accordion_item][et_pb_accordion_item title=&#8221;Who will decide whether pledges are sufficient to launch the project and prioritize the various parts of the development?&#8221; _builder_version=&#8221;4.23.1&#8243; _module_preset=&#8221;default&#8221; global_colors_info=&#8221;{}&#8221; open=&#8221;off&#8221;]<\/p>\n<p>T\u00e9l\u00e9 Evol\u00e8ne&#8217;s General Meeting is the decision-making body when it comes to determining whether the amount pledged is sufficient to initiate processes and prioritize investments.<\/p>\n<p>[\/et_pb_accordion_item][et_pb_accordion_item title=&#8221;If the funds raised during the recapitalization period are not sufficient, what will happen?&#8221; _builder_version=&#8221;4.23.1&#8243; _module_preset=&#8221;default&#8221; global_colors_info=&#8221;{}&#8221; open=&#8221;off&#8221;]<\/p>\n<p>The Administrative Board will step down and, logically, the municipality will have to take charge of the liquidation, end-of-operations management and, above all, dismantling and restoration of the sites, for an estimated cost (excluding site decontamination) of 3 million francs to be borne by the public authority (cf. Super St-Bernard case law).<\/p>\n<p>[\/et_pb_accordion_item][et_pb_accordion_item title=&#8221;How can I contribute and take part in this project?&#8221; open=&#8221;off&#8221; _builder_version=&#8221;4.23.1&#8243; _module_preset=&#8221;default&#8221; global_colors_info=&#8221;{}&#8221;]<\/p>\n<p>You have two options:<\/p>\n<ul>\n<li>Become a member of a Chemeuille club and contribute to the economic development of our region for the next 40 years.<\/li>\n<li>Become an ambassador for the project by using your personal or professional network to find future club members.<\/li>\n<\/ul>\n<p>[\/et_pb_accordion_item][et_pb_accordion_item title=&#8221;Shouldn&#039;t we focus on a single ski area in the Evol\u00e8ne region?&#8221; _builder_version=&#8221;4.23.1&#8243; _module_preset=&#8221;default&#8221; global_colors_info=&#8221;{}&#8221; open=&#8221;off&#8221;]<\/p>\n<p>It&#8217;s important to refocus the debate first! The project to replace the chairlift with a gondola is a cable transport project that can be operated in all 4 seasons.<\/p>\n<p>The Board&#8217;s aim is not to chase the old dreams of the alpine skiing frenzy. The aim of the project is to provide comfortable access to a mountain pasture at 2100m altitude. Activities adapted to each season will enhance the area. What&#8217;s more, at this height, snowfall is likely to continue in the future (cf. Bolognesi).<\/p>\n<p>A ropeway for the next 40 years will enhance the region&#8217;s tourism offering, complementing existing facilities.<\/p>\n<p>[\/et_pb_accordion_item][et_pb_accordion_item title=&#8221;Why invest in basic transport if the rest of the infrastructure doesn&#039;t follow?&#8221; _builder_version=&#8221;4.23.1&#8243; _module_preset=&#8221;default&#8221; global_colors_info=&#8221;{}&#8221; open=&#8221;on&#8221;]<\/p>\n<p>In addition to <a href=\"https:\/\/projet-tele-evolene.ch\/en\/the-project\/#activit%C3%A9s\" target=\"_blank\" rel=\"noopener\">all the possible developments<\/a> following the installation of the gondola, the project also includes :<\/p>\n<ul>\n<li>Restaurant renovation<\/li>\n<li>Dismantling the existing chairlift<\/li>\n<li>Technical and electronic upgrades to the 3 existing surface lifts.<\/li>\n<\/ul>\n<p>[\/et_pb_accordion_item][et_pb_accordion_item title=&#8221;What activities can the new infrastructure support? &#8221; _builder_version=&#8221;4.23.1&#8243; _module_preset=&#8221;default&#8221; global_colors_info=&#8221;{}&#8221; open=&#8221;off&#8221;]<\/p>\n<p>A comfortable finish at 2100 m, on the Chemeuille mountain pasture, offers a 360\u00b0 panorama accessible to everyone, especially those with reduced mobility. In addition to existing activities such as board sports and the restaurant, it will be possible to highlight :<\/p>\n<ul>\n<li>The Chemeuille-Lannaz downhill run<\/li>\n<li>The Arpilles sector offers an extraordinary freeride setting at the foot of the Vouasson Glacier.<\/li>\n<li>Trails linking the Vouasson, Meina and Mandelon mountain pastures<\/li>\n<li>Agritourism circuits linked to local produce and the H\u00e9rens breed<\/li>\n<li>Revitalizing the Meina water channel.<\/li>\n<li>Routes to the Pic d&#8217;Arzinol at 3000 m altitude<\/li>\n<\/ul>\n<p>This project also aims to expand the range of snowshoeing and cross-country skiing activities available within the existing ski zone at 2100m, to guarantee winter activities even in the event of insufficient snow cover near our villages.<\/p>\n<p>[\/et_pb_accordion_item][et_pb_accordion_item title=&#8221;If I&#039;m a homeowner in the region, how much will the value of my property drop? &#8221; _builder_version=&#8221;4.23.1&#8243; _module_preset=&#8221;default&#8221; global_colors_info=&#8221;{}&#8221; open=&#8221;off&#8221;]<\/p>\n<p>Between 10% and 15%.<\/p>\n<p>If the value of my land or my house is estimated at 1&#8217;000&#8217;000.-, the banks will devalue my property from CHF 100&#8217;000.- to CHF 150&#8217;000.-.<\/p>\n<p>[\/et_pb_accordion_item][\/et_pb_accordion][\/et_pb_column][et_pb_column type=&#8221;1_2&#8243; _builder_version=&#8221;4.23.1&#8243; _module_preset=&#8221;default&#8221; global_colors_info=&#8221;{}&#8221;][et_pb_accordion open_toggle_text_color=&#8221;#ce5600&#8243; open_toggle_background_color=&#8221;RGBA(255,255,255,0)&#8221; closed_toggle_text_color=&#8221;#000000&#8243; closed_toggle_background_color=&#8221;RGBA(255,255,255,0)&#8221; toggle_icon=&#8221;&#xe044;||divi||400&#8243; icon_color=&#8221;#ce5600&#8243; _builder_version=&#8221;4.23.1&#8243; _module_preset=&#8221;default&#8221; toggle_font=&#8221;Open Sans||||||||&#8221; closed_toggle_font=&#8221;Open Sans||||||||&#8221; closed_toggle_font_size=&#8221;14px&#8221; closed_toggle_line_height=&#8221;1.8em&#8221; custom_css_toggle=&#8221;margin-bottom:-1px !important;||padding:30px 0;&#8221; border_color_all=&#8221;RGBA(255,255,255,0)&#8221; border_color_top=&#8221;rgba(206,86,0,0.23)&#8221; border_color_bottom=&#8221;rgba(206,86,0,0.23)&#8221; global_colors_info=&#8221;{%22gcid-1ae503c5-09e6-47be-8567-a965910b1107%22:%91%22icon_color%22,%22open_toggle_text_color%22,%22icon_color%22,%22open_toggle_text_color%22%93,%22gcid-a1007b76-ba23-4632-babf-02b109344fda%22:%91%22border_color_top%22,%22border_color_bottom%22,%22border_color_top%22,%22border_color_bottom%22%93}&#8221;][et_pb_accordion_item title=&#8221;blank&#8221; open=&#8221;off&#8221; _builder_version=&#8221;4.23.1&#8243; _module_preset=&#8221;default&#8221; custom_css_main_element=&#8221;display:none;&#8221; global_colors_info=&#8221;{}&#8221;][\/et_pb_accordion_item][et_pb_accordion_item title=&#8221;What&#039;s the latest on opposition to the project?&#8221; _builder_version=&#8221;4.23.1&#8243; _module_preset=&#8221;default&#8221; global_colors_info=&#8221;{}&#8221; open=&#8221;on&#8221;]<\/p>\n<p>The main opposition to the projects comes from associations with environmental concerns. This project, which reduces the number of existing towers and follows the existing route, enables a mountain region protected from mass tourism to ensure its economic survival by refining 4-season tourism development. Here, we&#8217;re not aiming for development at any price, but rather to secure the economic spin-offs needed to maintain a large number of jobs. Our community has already done a great deal to protect nature. For example, 5 alluvial zones of national importance (Lotrey, Pramousse &#8211; Satarma, La Borgne upstream of Arolla, Saley and Ferp\u00e8cle), 1 low marsh of national importance, landscape zones of national importance according to the IFP (Ferp\u00e8cle valley, and the eastern half of the Arolla valley) have been delimited. To be able to enter into real negotiations with opponents, the financial feasibility of the project must be demonstrated. Thanks to your pledges of funds for this recapitalization, you are enabling the Evol\u00e8ne region to create a new impetus to unblock this situation. These financial arguments consolidate the viability of the project in a concrete way, enabling us to negotiate effectively with the current opponents, dispelling relative concerns and finally paving the way for its realization.<\/p>\n<p>[\/et_pb_accordion_item][et_pb_accordion_item title=&#8221;How does the project take into account the visual impact of new facilities on the landscape? &#8221; _builder_version=&#8221;4.23.1&#8243; _module_preset=&#8221;default&#8221; global_colors_info=&#8221;{}&#8221; open=&#8221;off&#8221;]<\/p>\n<p>This project will reduce the number of towers on the line by a factor of 3. The finish station will be positioned just below the terrace of the Chemeuille restaurant to provide a 360\u00b0 view.<\/p>\n<p>In addition, the cabins will be removed every evening and during periods when the cable is not in use.<\/p>\n<p>[\/et_pb_accordion_item][et_pb_accordion_item title=&#8221;How does the project take into account the social and cultural aspects of the region?&#8221; _builder_version=&#8221;4.23.1&#8243; _module_preset=&#8221;default&#8221; global_colors_info=&#8221;{}&#8221; open=&#8221;off&#8221;]<\/p>\n<p>The project promotes Alpine traditions and local products, creating an authentic link with the local community. Cultural and agritourism initiatives are planned to highlight the richness and know-how of the region, which is the cradle of the H\u00e9rens breed.<\/p>\n<p>[\/et_pb_accordion_item][et_pb_accordion_item title=&#8221;What are the specific projects to encourage 4-season agritourism activities?&#8221; _builder_version=&#8221;4.23.1&#8243; _module_preset=&#8221;default&#8221; global_colors_info=&#8221;{}&#8221; open=&#8221;off&#8221;]<\/p>\n<p>Special events, agritourism tours and partnerships with local farmers will be developed to stimulate 4-season activities.<\/p>\n<p>The partnership and the pedestrian link between the Chemeuille and Mandelon mountain pastures will be enhanced by developing the current &#8220;mountain pasture shuttle&#8221; service, which allows visitors to get to Mandelon in comfort. Organized tastings will showcase local products, with the chance to meet H\u00e9rens cows during the summer months.<\/p>\n<p>[\/et_pb_accordion_item][et_pb_accordion_item title=&#8221;Who can become a project ambassador? &#8221; _builder_version=&#8221;4.23.1&#8243; _module_preset=&#8221;default&#8221; global_colors_info=&#8221;{}&#8221; open=&#8221;off&#8221;]<\/p>\n<p>Everyone is welcome on this adventure! To become an ambassador, all you have to do is share your enthusiasm for the project with those around you. You can fill in the <a href=\"https:\/\/projet-tele-evolene.ch\/en\/chemeuille-ambassadors\/\">ambassador form<\/a> or contact us at <a href=\"mailto:ambassadeur@projet-tele-evolene.ch\">ambassadeur@projet-tele-evolene.ch<\/a> to facilitate our exchanges.<\/p>\n<p>[\/et_pb_accordion_item][et_pb_accordion_item title=&#8221;If I fill in the promise to subscribe form, am I obliged to pay the promised amount?&#8221; _builder_version=&#8221;4.23.1&#8243; _module_preset=&#8221;default&#8221; global_colors_info=&#8221;{}&#8221; open=&#8221;off&#8221;]<\/p>\n<p>No. The amount is a pledge with no legal obligation to honor it.<\/p>\n<p>[\/et_pb_accordion_item][et_pb_accordion_item title=&#8221;What impact will the project have on local businesses and accommodation?&#8221; _builder_version=&#8221;4.23.1&#8243; _module_preset=&#8221;default&#8221; global_colors_info=&#8221;{}&#8221; open=&#8221;off&#8221;]<\/p>\n<p>After implementation, local businesses and accommodation will benefit from increased footfall, enabling them to survive. This will stimulate the local economy over the 4 seasons for 40 years, in a sustainable way.<\/p>\n<p>[\/et_pb_accordion_item][\/et_pb_accordion][et_pb_button button_url=&#8221;https:\/\/projet-tele-evolene.ch\/en\/contact\/&#8221; button_text=&#8221;I have another question &#8221; _builder_version=&#8221;4.23.1&#8243; _module_preset=&#8221;default&#8221; global_colors_info=&#8221;{}&#8221;][\/et_pb_button][\/et_pb_column][\/et_pb_row][\/et_pb_section]<\/p>\n","protected":false},"excerpt":{"rendered":"<p>Answers for everythingExplore our detailed Frequently Asked Questions for clarification on key aspects of our project. We&#8217;ve compiled precise, informative answers to the most frequently asked questions.Following the application for permission to build the gondola, 2 objections were lodged by the WWF and the Swiss Foundation for Landscape Conservation. One of the reasons for the [&hellip;]<\/p>\n","protected":false},"author":1,"featured_media":0,"parent":0,"menu_order":0,"comment_status":"closed","ping_status":"closed","template":"","meta":{"_et_pb_use_builder":"on","_et_pb_old_content":"","_et_gb_content_width":"","footnotes":""},"dipi_cpt_category":[],"class_list":["post-23813420","page","type-page","status-publish","hentry"],"yoast_head":"<!-- This site is optimized with the Yoast SEO plugin v22.3 - https:\/\/yoast.com\/wordpress\/plugins\/seo\/ -->\n<title>FAQ - T\u00e9l\u00e9-Evol\u00e8ne Vision 360<\/title>\n<meta name=\"robots\" content=\"index, follow, max-snippet:-1, max-image-preview:large, max-video-preview:-1\" \/>\n<link rel=\"canonical\" href=\"https:\/\/projet-tele-evolene.ch\/en\/faq\/\" \/>\n<meta property=\"og:locale\" content=\"en_US\" \/>\n<meta property=\"og:type\" content=\"article\" \/>\n<meta property=\"og:title\" content=\"FAQ - T\u00e9l\u00e9-Evol\u00e8ne Vision 360\" \/>\n<meta property=\"og:description\" content=\"Answers for everythingExplore our detailed Frequently Asked Questions for clarification on key aspects of our project. We&#039;ve compiled precise, informative answers to the most frequently asked questions.Following the application for permission to build the gondola, 2 objections were lodged by the WWF and the Swiss Foundation for Landscape Conservation. One of the reasons for the [&hellip;]\" \/>\n<meta property=\"og:url\" content=\"https:\/\/projet-tele-evolene.ch\/en\/faq\/\" \/>\n<meta property=\"og:site_name\" content=\"T\u00e9l\u00e9-Evol\u00e8ne Vision 360\" \/>\n<meta property=\"article:modified_time\" content=\"2024-04-03T12:07:13+00:00\" \/>\n<meta name=\"twitter:card\" content=\"summary_large_image\" \/>\n<meta name=\"twitter:label1\" content=\"Est. reading time\" \/>\n\t<meta name=\"twitter:data1\" content=\"11 minutes\" \/>\n<script type=\"application\/ld+json\" class=\"yoast-schema-graph\">{\"@context\":\"https:\/\/schema.org\",\"@graph\":[{\"@type\":\"WebPage\",\"@id\":\"https:\/\/projet-tele-evolene.ch\/en\/faq\/\",\"url\":\"https:\/\/projet-tele-evolene.ch\/en\/faq\/\",\"name\":\"FAQ - T\u00e9l\u00e9-Evol\u00e8ne Vision 360\",\"isPartOf\":{\"@id\":\"https:\/\/projet-tele-evolene.ch\/#website\"},\"datePublished\":\"2024-01-12T18:02:01+00:00\",\"dateModified\":\"2024-04-03T12:07:13+00:00\",\"breadcrumb\":{\"@id\":\"https:\/\/projet-tele-evolene.ch\/en\/faq\/#breadcrumb\"},\"inLanguage\":\"en-US\",\"potentialAction\":[{\"@type\":\"ReadAction\",\"target\":[\"https:\/\/projet-tele-evolene.ch\/en\/faq\/\"]}]},{\"@type\":\"BreadcrumbList\",\"@id\":\"https:\/\/projet-tele-evolene.ch\/en\/faq\/#breadcrumb\",\"itemListElement\":[{\"@type\":\"ListItem\",\"position\":1,\"name\":\"Accueil\",\"item\":\"https:\/\/projet-tele-evolene.ch\/en\/\"},{\"@type\":\"ListItem\",\"position\":2,\"name\":\"FAQ\"}]},{\"@type\":\"WebSite\",\"@id\":\"https:\/\/projet-tele-evolene.ch\/#website\",\"url\":\"https:\/\/projet-tele-evolene.ch\/\",\"name\":\"Le Projet T\u00e9l\u00e9 Evol\u00e8ne, un avenir 4 saisons \u00e0 Chemeuille\",\"description\":\"\",\"publisher\":{\"@id\":\"https:\/\/projet-tele-evolene.ch\/#organization\"},\"alternateName\":\"Projet T\u00e9l\u00e9 Evol\u00e8ne\",\"potentialAction\":[{\"@type\":\"SearchAction\",\"target\":{\"@type\":\"EntryPoint\",\"urlTemplate\":\"https:\/\/projet-tele-evolene.ch\/?s={search_term_string}\"},\"query-input\":\"required name=search_term_string\"}],\"inLanguage\":\"en-US\"},{\"@type\":\"Organization\",\"@id\":\"https:\/\/projet-tele-evolene.ch\/#organization\",\"name\":\"T\u00e9l\u00e9-Evol\u00e8ne Vision 360\",\"url\":\"https:\/\/projet-tele-evolene.ch\/\",\"logo\":{\"@type\":\"ImageObject\",\"inLanguage\":\"en-US\",\"@id\":\"https:\/\/projet-tele-evolene.ch\/#\/schema\/logo\/image\/\",\"url\":\"https:\/\/projet-tele-evolene.ch\/wp-content\/uploads\/2023\/12\/cropped-Logo-Web.jpg\",\"contentUrl\":\"https:\/\/projet-tele-evolene.ch\/wp-content\/uploads\/2023\/12\/cropped-Logo-Web.jpg\",\"width\":512,\"height\":512,\"caption\":\"T\u00e9l\u00e9-Evol\u00e8ne Vision 360\"},\"image\":{\"@id\":\"https:\/\/projet-tele-evolene.ch\/#\/schema\/logo\/image\/\"}}]}<\/script>\n<!-- \/ Yoast SEO plugin. -->","yoast_head_json":{"title":"FAQ - T\u00e9l\u00e9-Evol\u00e8ne Vision 360","robots":{"index":"index","follow":"follow","max-snippet":"max-snippet:-1","max-image-preview":"max-image-preview:large","max-video-preview":"max-video-preview:-1"},"canonical":"https:\/\/projet-tele-evolene.ch\/en\/faq\/","og_locale":"en_US","og_type":"article","og_title":"FAQ - T\u00e9l\u00e9-Evol\u00e8ne Vision 360","og_description":"Answers for everythingExplore our detailed Frequently Asked Questions for clarification on key aspects of our project. We've compiled precise, informative answers to the most frequently asked questions.Following the application for permission to build the gondola, 2 objections were lodged by the WWF and the Swiss Foundation for Landscape Conservation. One of the reasons for the [&hellip;]","og_url":"https:\/\/projet-tele-evolene.ch\/en\/faq\/","og_site_name":"T\u00e9l\u00e9-Evol\u00e8ne Vision 360","article_modified_time":"2024-04-03T12:07:13+00:00","twitter_card":"summary_large_image","twitter_misc":{"Est. reading time":"11 minutes"},"schema":{"@context":"https:\/\/schema.org","@graph":[{"@type":"WebPage","@id":"https:\/\/projet-tele-evolene.ch\/en\/faq\/","url":"https:\/\/projet-tele-evolene.ch\/en\/faq\/","name":"FAQ - T\u00e9l\u00e9-Evol\u00e8ne Vision 360","isPartOf":{"@id":"https:\/\/projet-tele-evolene.ch\/#website"},"datePublished":"2024-01-12T18:02:01+00:00","dateModified":"2024-04-03T12:07:13+00:00","breadcrumb":{"@id":"https:\/\/projet-tele-evolene.ch\/en\/faq\/#breadcrumb"},"inLanguage":"en-US","potentialAction":[{"@type":"ReadAction","target":["https:\/\/projet-tele-evolene.ch\/en\/faq\/"]}]},{"@type":"BreadcrumbList","@id":"https:\/\/projet-tele-evolene.ch\/en\/faq\/#breadcrumb","itemListElement":[{"@type":"ListItem","position":1,"name":"Accueil","item":"https:\/\/projet-tele-evolene.ch\/en\/"},{"@type":"ListItem","position":2,"name":"FAQ"}]},{"@type":"WebSite","@id":"https:\/\/projet-tele-evolene.ch\/#website","url":"https:\/\/projet-tele-evolene.ch\/","name":"Le Projet T\u00e9l\u00e9 Evol\u00e8ne, un avenir 4 saisons \u00e0 Chemeuille","description":"","publisher":{"@id":"https:\/\/projet-tele-evolene.ch\/#organization"},"alternateName":"Projet T\u00e9l\u00e9 Evol\u00e8ne","potentialAction":[{"@type":"SearchAction","target":{"@type":"EntryPoint","urlTemplate":"https:\/\/projet-tele-evolene.ch\/?s={search_term_string}"},"query-input":"required name=search_term_string"}],"inLanguage":"en-US"},{"@type":"Organization","@id":"https:\/\/projet-tele-evolene.ch\/#organization","name":"T\u00e9l\u00e9-Evol\u00e8ne Vision 360","url":"https:\/\/projet-tele-evolene.ch\/","logo":{"@type":"ImageObject","inLanguage":"en-US","@id":"https:\/\/projet-tele-evolene.ch\/#\/schema\/logo\/image\/","url":"https:\/\/projet-tele-evolene.ch\/wp-content\/uploads\/2023\/12\/cropped-Logo-Web.jpg","contentUrl":"https:\/\/projet-tele-evolene.ch\/wp-content\/uploads\/2023\/12\/cropped-Logo-Web.jpg","width":512,"height":512,"caption":"T\u00e9l\u00e9-Evol\u00e8ne Vision 360"},"image":{"@id":"https:\/\/projet-tele-evolene.ch\/#\/schema\/logo\/image\/"}}]}},"_links":{"self":[{"href":"https:\/\/projet-tele-evolene.ch\/en\/wp-json\/wp\/v2\/pages\/23813420","targetHints":{"allow":["GET"]}}],"collection":[{"href":"https:\/\/projet-tele-evolene.ch\/en\/wp-json\/wp\/v2\/pages"}],"about":[{"href":"https:\/\/projet-tele-evolene.ch\/en\/wp-json\/wp\/v2\/types\/page"}],"author":[{"embeddable":true,"href":"https:\/\/projet-tele-evolene.ch\/en\/wp-json\/wp\/v2\/users\/1"}],"replies":[{"embeddable":true,"href":"https:\/\/projet-tele-evolene.ch\/en\/wp-json\/wp\/v2\/comments?post=23813420"}],"version-history":[{"count":2,"href":"https:\/\/projet-tele-evolene.ch\/en\/wp-json\/wp\/v2\/pages\/23813420\/revisions"}],"predecessor-version":[{"id":23813422,"href":"https:\/\/projet-tele-evolene.ch\/en\/wp-json\/wp\/v2\/pages\/23813420\/revisions\/23813422"}],"wp:attachment":[{"href":"https:\/\/projet-tele-evolene.ch\/en\/wp-json\/wp\/v2\/media?parent=23813420"}],"wp:term":[{"taxonomy":"dipi_cpt_category","embeddable":true,"href":"https:\/\/projet-tele-evolene.ch\/en\/wp-json\/wp\/v2\/dipi_cpt_category?post=23813420"}],"curies":[{"name":"wp","href":"https:\/\/api.w.org\/{rel}","templated":true}]}}